{"id":2195,"date":"2024-10-17T11:56:35","date_gmt":"2024-10-17T09:56:35","guid":{"rendered":"https:\/\/sosracismemoselle.org\/?page_id=2195"},"modified":"2024-10-17T13:23:05","modified_gmt":"2024-10-17T11:23:05","slug":"nos-actions","status":"publish","type":"page","link":"https:\/\/sosracismemoselle.org\/index.php\/nos-actions\/","title":{"rendered":"Nos actions"},"content":{"rendered":"<p><div class=\"fusion-fullwidth fullwidth-box fusion-builder-row-1 fusion-flex-container has-pattern-background has-mask-background nonhundred-percent-fullwidth non-hundred-percent-height-scrolling\" style=\"--awb-border-radius-top-left:0px;--awb-border-radius-top-right:0px;--awb-border-radius-bottom-right:0px;--awb-border-radius-bottom-left:0px;--awb-flex-wrap:wrap;\" ><div class=\"fusion-builder-row fusion-row fusion-flex-align-items-flex-start fusion-flex-content-wrap\" style=\"max-width:1123.2px;margin-left: calc(-4% \/ 2 );margin-right: calc(-4% \/ 2 );\"><div class=\"fusion-layout-column fusion_builder_column fusion-builder-column-0 fusion_builder_column_1_1 1_1 fusion-flex-column\" style=\"--awb-bg-size:cover;--awb-width-large:100%;--awb-margin-top-large:0px;--awb-spacing-right-large:1.92%;--awb-margin-bottom-large:20px;--awb-spacing-left-large:1.92%;--awb-width-medium:100%;--awb-order-medium:0;--awb-spacing-right-medium:1.92%;--awb-spacing-left-medium:1.92%;--awb-width-small:100%;--awb-order-small:0;--awb-spacing-right-small:1.92%;--awb-spacing-left-small:1.92%;\"><div class=\"fusion-column-wrapper fusion-column-has-shadow fusion-flex-justify-content-flex-start fusion-content-layout-column\"><div class=\"fusion-image-element \" style=\"--awb-caption-title-font-family:var(--h2_typography-font-family);--awb-caption-title-font-weight:var(--h2_typography-font-weight);--awb-caption-title-font-style:var(--h2_typography-font-style);--awb-caption-title-size:var(--h2_typography-font-size);--awb-caption-title-transform:var(--h2_typography-text-transform);--awb-caption-title-line-height:var(--h2_typography-line-height);--awb-caption-title-letter-spacing:var(--h2_typography-letter-spacing);\"><span class=\" fusion-imageframe imageframe-none imageframe-1 hover-type-none\"><img decoding=\"async\" width=\"1280\" height=\"572\" title=\"photo of a crowd, a meeting, chanting stop racism in order to protect human rights.\" src=\"http:\/\/sosracismemoselle.org\/wp-content\/uploads\/2024\/10\/AdobeStock_811451821.jpeg\" alt class=\"img-responsive wp-image-2166\" srcset=\"https:\/\/sosracismemoselle.org\/wp-content\/uploads\/2024\/10\/AdobeStock_811451821-300x134.jpeg 300w, https:\/\/sosracismemoselle.org\/wp-content\/uploads\/2024\/10\/AdobeStock_811451821-768x343.jpeg 768w, https:\/\/sosracismemoselle.org\/wp-content\/uploads\/2024\/10\/AdobeStock_811451821-1024x458.jpeg 1024w, https:\/\/sosracismemoselle.org\/wp-content\/uploads\/2024\/10\/AdobeStock_811451821.jpeg 1280w\" sizes=\"(max-width: 1280px) 100vw, 1280px\" \/><\/span><\/div><\/div><\/div><\/div><\/div><div class=\"fusion-fullwidth fullwidth-box fusion-builder-row-2 fusion-flex-container has-pattern-background has-mask-background nonhundred-percent-fullwidth non-hundred-percent-height-scrolling\" style=\"--awb-border-radius-top-left:0px;--awb-border-radius-top-right:0px;--awb-border-radius-bottom-right:0px;--awb-border-radius-bottom-left:0px;--awb-flex-wrap:wrap;\" ><div class=\"fusion-builder-row fusion-row fusion-flex-align-items-flex-start fusion-flex-content-wrap\" style=\"max-width:1123.2px;margin-left: calc(-4% \/ 2 );margin-right: calc(-4% \/ 2 );\"><div class=\"fusion-layout-column fusion_builder_column fusion-builder-column-1 fusion_builder_column_1_3 1_3 fusion-flex-column\" style=\"--awb-bg-size:cover;--awb-width-large:33.333333333333%;--awb-margin-top-large:0px;--awb-spacing-right-large:5.76%;--awb-margin-bottom-large:20px;--awb-spacing-left-large:5.76%;--awb-width-medium:33.333333333333%;--awb-order-medium:0;--awb-spacing-right-medium:5.76%;--awb-spacing-left-medium:5.76%;--awb-width-small:100%;--awb-order-small:0;--awb-spacing-right-small:1.92%;--awb-spacing-left-small:1.92%;\"><div class=\"fusion-column-wrapper fusion-column-has-shadow fusion-flex-justify-content-flex-start fusion-content-layout-column\"><div class=\"fusion-recent-posts fusion-recent-posts-1 avada-container layout-default layout-columns-1\"><section class=\"fusion-columns columns fusion-columns-1 columns-1\"><article class=\"post fusion-column column col col-lg-12 col-md-12 col-sm-12\"><div class=\"fusion-flexslider fusion-flexslider-loading flexslider flexslider-hover-type-none\"><ul class=\"slides\"><li><a href=\"https:\/\/sosracismemoselle.org\/index.php\/2024\/03\/14\/cnews-mise-en-garde-par-larcom-a-notre-demande\/\" aria-label=\"CNEWS mise en garde par l&#8217;ARCOM \u00e0 notre demande\" class=\"hover-type-none\"><img decoding=\"async\" width=\"700\" height=\"441\" src=\"https:\/\/sosracismemoselle.org\/wp-content\/uploads\/2024\/10\/430848788_363477009993007_2526997251330179892_n-700x441.jpg\" class=\"attachment-recent-posts size-recent-posts\" alt=\"\" srcset=\"https:\/\/sosracismemoselle.org\/wp-content\/uploads\/2024\/10\/430848788_363477009993007_2526997251330179892_n-320x202.jpg 320w, https:\/\/sosracismemoselle.org\/wp-content\/uploads\/2024\/10\/430848788_363477009993007_2526997251330179892_n-700x441.jpg 700w\" sizes=\"(max-width: 700px) 100vw, 700px\" \/><\/a><\/li><\/ul><\/div><div class=\"recent-posts-content\"><span class=\"vcard\" style=\"display: none;\"><span class=\"fn\"><a href=\"https:\/\/sosracismemoselle.org\/index.php\/author\/jr\/\" title=\"Posts by JR\" rel=\"author\">JR<\/a><\/span><\/span><span class=\"updated\" style=\"display:none;\">2024-10-25T23:04:37+02:00<\/span><h4 class=\"entry-title\"><a href=\"https:\/\/sosracismemoselle.org\/index.php\/2024\/03\/14\/cnews-mise-en-garde-par-larcom-a-notre-demande\/\">CNEWS mise en garde par l&#8217;ARCOM \u00e0 notre demande<\/a><\/h4><p class=\"meta\"><span class=\"vcard\" style=\"display: none;\"><span class=\"fn\"><a href=\"https:\/\/sosracismemoselle.org\/index.php\/author\/jr\/\" title=\"Posts by JR\" rel=\"author\">JR<\/a><\/span><\/span><span class=\"updated\" style=\"display:none;\">2024-10-25T23:04:37+02:00<\/span><span>14 March 2024<\/span><span class=\"fusion-inline-sep\">|<\/span><span class=\"fusion-comments\"><a href=\"https:\/\/sosracismemoselle.org\/index.php\/2024\/03\/14\/cnews-mise-en-garde-par-larcom-a-notre-demande\/#respond\">0 Comments<\/a><\/span><\/p><p> Le 6 octobre dernier, nous saisissions l\u2019ARCOM pour d\u00e9noncer le traitement discriminatoire de faits divers dans les m\u00e9dias, et en particulier le lien infond\u00e9 \u00e9tabli par un animateur de CNEWS entre la pr\u00e9sence de [...]<\/p><\/div><\/article><article class=\"post fusion-column column col col-lg-12 col-md-12 col-sm-12\"><div class=\"fusion-flexslider fusion-flexslider-loading flexslider flexslider-hover-type-none\"><ul class=\"slides\"><li><a href=\"https:\/\/sosracismemoselle.org\/index.php\/2023\/11\/03\/commentaires-racistes-publies-sous-la-photo-officielle-de-lequipe-du-fc-metz-sos-racisme-porte-plainte\/\" aria-label=\"Commentaires racistes publi\u00e9s sous la photo officielle de l\u2019\u00e9quipe du FC Metz : SOS Racisme porte plainte\" class=\"hover-type-none\"><img decoding=\"async\" width=\"700\" height=\"441\" src=\"https:\/\/sosracismemoselle.org\/wp-content\/uploads\/2023\/11\/770022776339908438-700x441.jpeg\" class=\"attachment-recent-posts size-recent-posts\" alt=\"\" srcset=\"https:\/\/sosracismemoselle.org\/wp-content\/uploads\/2023\/11\/770022776339908438-320x202.jpeg 320w, https:\/\/sosracismemoselle.org\/wp-content\/uploads\/2023\/11\/770022776339908438-700x441.jpeg 700w\" sizes=\"(max-width: 700px) 100vw, 700px\" \/><\/a><\/li><\/ul><\/div><div class=\"recent-posts-content\"><span class=\"vcard\" style=\"display: none;\"><span class=\"fn\"><a href=\"https:\/\/sosracismemoselle.org\/index.php\/author\/jr\/\" title=\"Posts by JR\" rel=\"author\">JR<\/a><\/span><\/span><span class=\"updated\" style=\"display:none;\">2024-10-20T16:36:28+02:00<\/span><h4 class=\"entry-title\"><a href=\"https:\/\/sosracismemoselle.org\/index.php\/2023\/11\/03\/commentaires-racistes-publies-sous-la-photo-officielle-de-lequipe-du-fc-metz-sos-racisme-porte-plainte\/\">Commentaires racistes publi\u00e9s sous la photo officielle de l\u2019\u00e9quipe du FC Metz : SOS Racisme porte plainte<\/a><\/h4><p class=\"meta\"><span class=\"vcard\" style=\"display: none;\"><span class=\"fn\"><a href=\"https:\/\/sosracismemoselle.org\/index.php\/author\/jr\/\" title=\"Posts by JR\" rel=\"author\">JR<\/a><\/span><\/span><span class=\"updated\" style=\"display:none;\">2024-10-20T16:36:28+02:00<\/span><span>3 November 2023<\/span><span class=\"fusion-inline-sep\">|<\/span><span class=\"fusion-comments\"><a href=\"https:\/\/sosracismemoselle.org\/index.php\/2023\/11\/03\/commentaires-racistes-publies-sous-la-photo-officielle-de-lequipe-du-fc-metz-sos-racisme-porte-plainte\/#respond\">0 Comments<\/a><\/span><\/p><p> Le 19 septembre dernier, l\u2019\u00e9quipe du FC Metz publiait sur le r\u00e9seau social X la photo officielle de son \u00e9quipe, relay\u00e9e notamment par le journal Le R\u00e9publicain Lorrain. Sous cette publication, un d\u00e9ferlement de [...]<\/p><\/div><\/article><article class=\"post fusion-column column col col-lg-12 col-md-12 col-sm-12\"><div class=\"fusion-flexslider fusion-flexslider-loading flexslider flexslider-hover-type-none\"><ul class=\"slides\"><li><a href=\"https:\/\/sosracismemoselle.org\/index.php\/2023\/10\/13\/actions-juridiques\/\" aria-label=\"Agression verbale du d\u00e9put\u00e9 RN Laurent Jacobelli contre le d\u00e9put\u00e9 Belkhir Belhaddad\" class=\"hover-type-none\"><img decoding=\"async\" width=\"700\" height=\"441\" src=\"https:\/\/sosracismemoselle.org\/wp-content\/uploads\/2023\/10\/10938136067074818801-700x441.jpeg\" class=\"attachment-recent-posts size-recent-posts\" alt=\"\" srcset=\"https:\/\/sosracismemoselle.org\/wp-content\/uploads\/2023\/10\/10938136067074818801-320x202.jpeg 320w, https:\/\/sosracismemoselle.org\/wp-content\/uploads\/2023\/10\/10938136067074818801-700x441.jpeg 700w\" sizes=\"(max-width: 700px) 100vw, 700px\" \/><\/a><\/li><\/ul><\/div><div class=\"recent-posts-content\"><span class=\"vcard\" style=\"display: none;\"><span class=\"fn\"><a href=\"https:\/\/sosracismemoselle.org\/index.php\/author\/nicolas\/\" title=\"Posts by Nicolas\" rel=\"author\">Nicolas<\/a><\/span><\/span><span class=\"updated\" style=\"display:none;\">2024-10-26T16:34:48+02:00<\/span><h4 class=\"entry-title\"><a href=\"https:\/\/sosracismemoselle.org\/index.php\/2023\/10\/13\/actions-juridiques\/\">Agression verbale du d\u00e9put\u00e9 RN Laurent Jacobelli contre le d\u00e9put\u00e9  Belkhir Belhaddad<\/a><\/h4><p class=\"meta\"><span class=\"vcard\" style=\"display: none;\"><span class=\"fn\"><a href=\"https:\/\/sosracismemoselle.org\/index.php\/author\/nicolas\/\" title=\"Posts by Nicolas\" rel=\"author\">Nicolas<\/a><\/span><\/span><span class=\"updated\" style=\"display:none;\">2024-10-26T16:34:48+02:00<\/span><span>13 October 2023<\/span><span class=\"fusion-inline-sep\">|<\/span><span class=\"fusion-comments\"><a href=\"https:\/\/sosracismemoselle.org\/index.php\/2023\/10\/13\/actions-juridiques\/#respond\">0 Comments<\/a><\/span><\/p><p> Le 13 octobre 2023, lors de la visite du Ministre Olivier V\u00e9ran \u00e0 Hayange, le d\u00e9put\u00e9 du Rassemblement National, Laurent Jacobelli, a prof\u00e9r\u00e9 des propos agressifs et racistes envers son homologue Belkhir Belhaddad. Il [...]<\/p><\/div><\/article><article class=\"post fusion-column column col col-lg-12 col-md-12 col-sm-12\"><div class=\"fusion-flexslider fusion-flexslider-loading flexslider flexslider-hover-type-none\"><ul class=\"slides\"><li><a href=\"https:\/\/sosracismemoselle.org\/index.php\/2023\/10\/06\/sos-racisme-moselle-interpelle-larcom-sur-la-neutralite-mediatique-dans-le-traitement-des-faits-divers\/\" aria-label=\"SOS Racisme Moselle interpelle l&#8217;ARCOM sur la neutralit\u00e9 m\u00e9diatique dans le traitement des faits divers\" class=\"hover-type-none\"><img decoding=\"async\" width=\"439\" height=\"441\" src=\"https:\/\/sosracismemoselle.org\/wp-content\/uploads\/2024\/10\/383079264_262343363439706_7821728438916769745_n-439x441.jpg\" class=\"attachment-recent-posts size-recent-posts\" alt=\"\" srcset=\"https:\/\/sosracismemoselle.org\/wp-content\/uploads\/2024\/10\/383079264_262343363439706_7821728438916769745_n-66x66.jpg 66w, https:\/\/sosracismemoselle.org\/wp-content\/uploads\/2024\/10\/383079264_262343363439706_7821728438916769745_n-150x150.jpg 150w, https:\/\/sosracismemoselle.org\/wp-content\/uploads\/2024\/10\/383079264_262343363439706_7821728438916769745_n-439x441.jpg 439w\" sizes=\"(max-width: 439px) 100vw, 439px\" \/><\/a><\/li><\/ul><\/div><div class=\"recent-posts-content\"><span class=\"vcard\" style=\"display: none;\"><span class=\"fn\"><a href=\"https:\/\/sosracismemoselle.org\/index.php\/author\/jr\/\" title=\"Posts by JR\" rel=\"author\">JR<\/a><\/span><\/span><span class=\"updated\" style=\"display:none;\">2024-10-26T16:31:41+02:00<\/span><h4 class=\"entry-title\"><a href=\"https:\/\/sosracismemoselle.org\/index.php\/2023\/10\/06\/sos-racisme-moselle-interpelle-larcom-sur-la-neutralite-mediatique-dans-le-traitement-des-faits-divers\/\">SOS Racisme Moselle interpelle l&#8217;ARCOM sur la neutralit\u00e9 m\u00e9diatique dans le traitement des faits divers<\/a><\/h4><p class=\"meta\"><span class=\"vcard\" style=\"display: none;\"><span class=\"fn\"><a href=\"https:\/\/sosracismemoselle.org\/index.php\/author\/jr\/\" title=\"Posts by JR\" rel=\"author\">JR<\/a><\/span><\/span><span class=\"updated\" style=\"display:none;\">2024-10-26T16:31:41+02:00<\/span><span>6 October 2023<\/span><span class=\"fusion-inline-sep\">|<\/span><span class=\"fusion-comments\"><a href=\"https:\/\/sosracismemoselle.org\/index.php\/2023\/10\/06\/sos-racisme-moselle-interpelle-larcom-sur-la-neutralite-mediatique-dans-le-traitement-des-faits-divers\/#respond\">0 Comments<\/a><\/span><\/p><p> L\u2019association SOS Racisme Moselle souhaite attirer l\u2019attention de l'ARCOM, sur une probl\u00e9matique qui nous pr\u00e9occupe profond\u00e9ment : le traitement m\u00e9diatique des faits divers, qui nous semble parfois empreint de racisme latent. Bien conscients des [...]<\/p><\/div><\/article><\/section><\/div><\/div><\/div><div class=\"fusion-layout-column fusion_builder_column fusion-builder-column-2 fusion_builder_column_1_3 1_3 fusion-flex-column\" style=\"--awb-bg-size:cover;--awb-width-large:33.333333333333%;--awb-margin-top-large:0px;--awb-spacing-right-large:5.76%;--awb-margin-bottom-large:20px;--awb-spacing-left-large:5.76%;--awb-width-medium:33.333333333333%;--awb-order-medium:0;--awb-spacing-right-medium:5.76%;--awb-spacing-left-medium:5.76%;--awb-width-small:100%;--awb-order-small:0;--awb-spacing-right-small:1.92%;--awb-spacing-left-small:1.92%;\"><div class=\"fusion-column-wrapper fusion-column-has-shadow fusion-flex-justify-content-flex-start fusion-content-layout-column\"><div class=\"fusion-recent-posts fusion-recent-posts-2 avada-container layout-default layout-columns-1\"><section class=\"fusion-columns columns fusion-columns-1 columns-1\"><article class=\"post fusion-column column col col-lg-12 col-md-12 col-sm-12\"><div class=\"fusion-flexslider fusion-flexslider-loading flexslider flexslider-hover-type-none\"><ul class=\"slides\"><li><a href=\"https:\/\/sosracismemoselle.org\/index.php\/2024\/10\/19\/discrimination-au-logement-un-excellent-dossier-ou-pas\/\" aria-label=\"Discrimination au logement : un excellent dossier \u2026 ou pas\" class=\"hover-type-none\"><img decoding=\"async\" width=\"662\" height=\"441\" src=\"https:\/\/sosracismemoselle.org\/wp-content\/uploads\/2024\/10\/AdobeStock_513255142.jpeg\" class=\"attachment-recent-posts size-recent-posts\" alt=\"\" srcset=\"https:\/\/sosracismemoselle.org\/wp-content\/uploads\/2024\/10\/AdobeStock_513255142-175x117.jpeg 175w, https:\/\/sosracismemoselle.org\/wp-content\/uploads\/2024\/10\/AdobeStock_513255142-300x200.jpeg 300w, https:\/\/sosracismemoselle.org\/wp-content\/uploads\/2024\/10\/AdobeStock_513255142-768x512.jpeg 768w, https:\/\/sosracismemoselle.org\/wp-content\/uploads\/2024\/10\/AdobeStock_513255142-1024x682.jpeg 1024w, https:\/\/sosracismemoselle.org\/wp-content\/uploads\/2024\/10\/AdobeStock_513255142.jpeg 1280w\" sizes=\"(max-width: 662px) 100vw, 662px\" \/><\/a><\/li><\/ul><\/div><div class=\"recent-posts-content\"><span class=\"vcard\" style=\"display: none;\"><span class=\"fn\"><a href=\"https:\/\/sosracismemoselle.org\/index.php\/author\/jr\/\" title=\"Posts by JR\" rel=\"author\">JR<\/a><\/span><\/span><span class=\"updated\" style=\"display:none;\">2025-05-28T14:41:19+02:00<\/span><h4 class=\"entry-title\"><a href=\"https:\/\/sosracismemoselle.org\/index.php\/2024\/10\/19\/discrimination-au-logement-un-excellent-dossier-ou-pas\/\">Discrimination au logement : un excellent dossier \u2026 ou pas<\/a><\/h4><p class=\"meta\"><span class=\"vcard\" style=\"display: none;\"><span class=\"fn\"><a href=\"https:\/\/sosracismemoselle.org\/index.php\/author\/jr\/\" title=\"Posts by JR\" rel=\"author\">JR<\/a><\/span><\/span><span class=\"updated\" style=\"display:none;\">2025-05-28T14:41:19+02:00<\/span><span>19 October 2024<\/span><span class=\"fusion-inline-sep\">|<\/span><span class=\"fusion-comments\"><a href=\"https:\/\/sosracismemoselle.org\/index.php\/2024\/10\/19\/discrimination-au-logement-un-excellent-dossier-ou-pas\/#respond\">0 Comments<\/a><\/span><\/p><p> Un couple, propri\u00e9taires d'un tr\u00e8s bel appartement, vont avoir besoin d'un temps de r\u00e9flexion suppl\u00e9mentaire pour le louer \u00e0 trois jeunes \u00e9tudiants pas tout \u00e0 fait comme ils les avaient imagin\u00e9s... avec Michel Jonasz, [...]<\/p><\/div><\/article><article class=\"post fusion-column column col col-lg-12 col-md-12 col-sm-12\"><div class=\"fusion-flexslider fusion-flexslider-loading flexslider flexslider-hover-type-none\"><ul class=\"slides\"><li><a href=\"https:\/\/sosracismemoselle.org\/index.php\/2024\/10\/17\/education\/\" aria-label=\"\u00c9ducation\" class=\"hover-type-none\"><img decoding=\"async\" width=\"662\" height=\"441\" src=\"https:\/\/sosracismemoselle.org\/wp-content\/uploads\/2024\/10\/AdobeStock_513255142.jpeg\" class=\"attachment-recent-posts size-recent-posts\" alt=\"\" srcset=\"https:\/\/sosracismemoselle.org\/wp-content\/uploads\/2024\/10\/AdobeStock_513255142-175x117.jpeg 175w, https:\/\/sosracismemoselle.org\/wp-content\/uploads\/2024\/10\/AdobeStock_513255142-300x200.jpeg 300w, https:\/\/sosracismemoselle.org\/wp-content\/uploads\/2024\/10\/AdobeStock_513255142-768x512.jpeg 768w, https:\/\/sosracismemoselle.org\/wp-content\/uploads\/2024\/10\/AdobeStock_513255142-1024x682.jpeg 1024w, https:\/\/sosracismemoselle.org\/wp-content\/uploads\/2024\/10\/AdobeStock_513255142.jpeg 1280w\" sizes=\"(max-width: 662px) 100vw, 662px\" \/><\/a><\/li><\/ul><\/div><div class=\"recent-posts-content\"><span class=\"vcard\" style=\"display: none;\"><span class=\"fn\"><a href=\"https:\/\/sosracismemoselle.org\/index.php\/author\/nicolas\/\" title=\"Posts by Nicolas\" rel=\"author\">Nicolas<\/a><\/span><\/span><span class=\"updated\" style=\"display:none;\">2024-10-17T13:06:54+02:00<\/span><h4 class=\"entry-title\"><a href=\"https:\/\/sosracismemoselle.org\/index.php\/2024\/10\/17\/education\/\">\u00c9ducation<\/a><\/h4><p class=\"meta\"><span class=\"vcard\" style=\"display: none;\"><span class=\"fn\"><a href=\"https:\/\/sosracismemoselle.org\/index.php\/author\/nicolas\/\" title=\"Posts by Nicolas\" rel=\"author\">Nicolas<\/a><\/span><\/span><span class=\"updated\" style=\"display:none;\">2024-10-17T13:06:54+02:00<\/span><span>17 October 2024<\/span><span class=\"fusion-inline-sep\">|<\/span><span class=\"fusion-comments\"><a href=\"https:\/\/sosracismemoselle.org\/index.php\/2024\/10\/17\/education\/#respond\">0 Comments<\/a><\/span><\/p><p> Titre de l'action Lorem ipsum dolor sit amet, consectetur adipiscing elit, sed do eiusmod tempor incididunt ut labore et dolore magna aliqua. Ut enim ad minim veniam, quis nostrud exercitation ullamco laboris nisi ut [...]<\/p><\/div><\/article><article class=\"post fusion-column column col col-lg-12 col-md-12 col-sm-12\"><div class=\"fusion-flexslider fusion-flexslider-loading flexslider flexslider-hover-type-none\"><ul class=\"slides\"><li><a href=\"https:\/\/sosracismemoselle.org\/index.php\/2024\/09\/29\/intervention-aupres-des-jeunes-du-fc-metz\/\" aria-label=\"Intervention aupr\u00e8s des jeunes du FC Metz\" class=\"hover-type-none\"><img decoding=\"async\" width=\"700\" height=\"441\" src=\"https:\/\/sosracismemoselle.org\/wp-content\/uploads\/2024\/10\/2024-10-20-00.07.37-700x441.jpg\" class=\"attachment-recent-posts size-recent-posts\" alt=\"\" srcset=\"https:\/\/sosracismemoselle.org\/wp-content\/uploads\/2024\/10\/2024-10-20-00.07.37-320x202.jpg 320w, https:\/\/sosracismemoselle.org\/wp-content\/uploads\/2024\/10\/2024-10-20-00.07.37-700x441.jpg 700w\" sizes=\"(max-width: 700px) 100vw, 700px\" \/><\/a><\/li><\/ul><\/div><div class=\"recent-posts-content\"><span class=\"vcard\" style=\"display: none;\"><span class=\"fn\"><a href=\"https:\/\/sosracismemoselle.org\/index.php\/author\/jr\/\" title=\"Posts by JR\" rel=\"author\">JR<\/a><\/span><\/span><span class=\"updated\" style=\"display:none;\">2024-10-20T00:10:39+02:00<\/span><h4 class=\"entry-title\"><a href=\"https:\/\/sosracismemoselle.org\/index.php\/2024\/09\/29\/intervention-aupres-des-jeunes-du-fc-metz\/\">Intervention aupr\u00e8s des jeunes du FC Metz<\/a><\/h4><p class=\"meta\"><span class=\"vcard\" style=\"display: none;\"><span class=\"fn\"><a href=\"https:\/\/sosracismemoselle.org\/index.php\/author\/jr\/\" title=\"Posts by JR\" rel=\"author\">JR<\/a><\/span><\/span><span class=\"updated\" style=\"display:none;\">2024-10-20T00:10:39+02:00<\/span><span>29 September 2024<\/span><span class=\"fusion-inline-sep\">|<\/span><span class=\"fusion-comments\"><a href=\"https:\/\/sosracismemoselle.org\/index.php\/2024\/09\/29\/intervention-aupres-des-jeunes-du-fc-metz\/#respond\">0 Comments<\/a><\/span><\/p><p> Dans le cadre de notre partenariat avec le FC Metz, nous avons eu l'honneur d'organiser une session de sensibilisation destin\u00e9e aux jeunes joueurs du Centre de Formation. Un moment d'\u00e9change sur la tol\u00e9rance, le [...]<\/p><\/div><\/article><article class=\"post fusion-column column col col-lg-12 col-md-12 col-sm-12\"><div class=\"fusion-flexslider fusion-flexslider-loading flexslider flexslider-hover-type-none\"><ul class=\"slides\"><li><a href=\"https:\/\/sosracismemoselle.org\/index.php\/2024\/05\/21\/projection-gratuite-du-film-bienvenue-a-marly-gomont\/\" aria-label=\"Projection gratuite du film Bienvenue \u00e0 Marly-Gomont\" class=\"hover-type-none\"><img decoding=\"async\" width=\"700\" height=\"441\" src=\"https:\/\/sosracismemoselle.org\/wp-content\/uploads\/2024\/10\/442436238_408546168819424_8639308978816306748_n-700x441.jpg\" class=\"attachment-recent-posts size-recent-posts\" alt=\"\" srcset=\"https:\/\/sosracismemoselle.org\/wp-content\/uploads\/2024\/10\/442436238_408546168819424_8639308978816306748_n-320x202.jpg 320w, https:\/\/sosracismemoselle.org\/wp-content\/uploads\/2024\/10\/442436238_408546168819424_8639308978816306748_n-700x441.jpg 700w\" sizes=\"(max-width: 700px) 100vw, 700px\" \/><\/a><\/li><\/ul><\/div><div class=\"recent-posts-content\"><span class=\"vcard\" style=\"display: none;\"><span class=\"fn\"><a href=\"https:\/\/sosracismemoselle.org\/index.php\/author\/jr\/\" title=\"Posts by JR\" rel=\"author\">JR<\/a><\/span><\/span><span class=\"updated\" style=\"display:none;\">2024-10-19T15:34:05+02:00<\/span><h4 class=\"entry-title\"><a href=\"https:\/\/sosracismemoselle.org\/index.php\/2024\/05\/21\/projection-gratuite-du-film-bienvenue-a-marly-gomont\/\">Projection gratuite du film Bienvenue \u00e0 Marly-Gomont<\/a><\/h4><p class=\"meta\"><span class=\"vcard\" style=\"display: none;\"><span class=\"fn\"><a href=\"https:\/\/sosracismemoselle.org\/index.php\/author\/jr\/\" title=\"Posts by JR\" rel=\"author\">JR<\/a><\/span><\/span><span class=\"updated\" style=\"display:none;\">2024-10-19T15:34:05+02:00<\/span><span>21 May 2024<\/span><span class=\"fusion-inline-sep\">|<\/span><span class=\"fusion-comments\"><a href=\"https:\/\/sosracismemoselle.org\/index.php\/2024\/05\/21\/projection-gratuite-du-film-bienvenue-a-marly-gomont\/#respond\">0 Comments<\/a><\/span><\/p><p> La Maison de L'\u00c9tudiant - Lorraine Nord, en collaboration avec le MRAP et et SOS Racisme Moselle, propose une projection gratuite du film Bienvenue \u00e0 Marly-Gomont. Une occasion unique de (re)d\u00e9couvrir ce film \u00e9mouvant [...]<\/p><\/div><\/article><article class=\"post fusion-column column col col-lg-12 col-md-12 col-sm-12\"><div class=\"fusion-flexslider fusion-flexslider-loading flexslider flexslider-hover-type-none\"><ul class=\"slides\"><li><a href=\"https:\/\/sosracismemoselle.org\/index.php\/2024\/04\/04\/intervention-au-college-lucien-pougue-a-remilly\/\" aria-label=\"Intervention au Coll\u00e8ge Lucien Pougu\u00e9 \u00e0 R\u00e9milly\" class=\"hover-type-none\"><img decoding=\"async\" width=\"700\" height=\"441\" src=\"https:\/\/sosracismemoselle.org\/wp-content\/uploads\/2024\/10\/462533188_505331212474252_4181616853896585398_n-700x441.jpg\" class=\"attachment-recent-posts size-recent-posts\" alt=\"\" srcset=\"https:\/\/sosracismemoselle.org\/wp-content\/uploads\/2024\/10\/462533188_505331212474252_4181616853896585398_n-320x202.jpg 320w, https:\/\/sosracismemoselle.org\/wp-content\/uploads\/2024\/10\/462533188_505331212474252_4181616853896585398_n-700x441.jpg 700w\" sizes=\"(max-width: 700px) 100vw, 700px\" \/><\/a><\/li><li><a href=\"https:\/\/sosracismemoselle.org\/index.php\/2024\/04\/04\/intervention-au-college-lucien-pougue-a-remilly\/\" aria-label=\"Intervention au Coll\u00e8ge Lucien Pougu\u00e9 \u00e0 R\u00e9milly\" class=\"hover-type-none\"><img decoding=\"async\" width=\"700\" height=\"441\" src=\"https:\/\/sosracismemoselle.org\/wp-content\/uploads\/2024\/10\/462606464_505331219140918_6299798211769816530_n-700x441.jpg\" class=\"attachment-recent-posts size-recent-posts\" alt=\"\" srcset=\"https:\/\/sosracismemoselle.org\/wp-content\/uploads\/2024\/10\/462606464_505331219140918_6299798211769816530_n-320x202.jpg 320w, https:\/\/sosracismemoselle.org\/wp-content\/uploads\/2024\/10\/462606464_505331219140918_6299798211769816530_n-700x441.jpg 700w\" sizes=\"(max-width: 700px) 100vw, 700px\" \/><\/a><\/li><li><a href=\"https:\/\/sosracismemoselle.org\/index.php\/2024\/04\/04\/intervention-au-college-lucien-pougue-a-remilly\/\" aria-label=\"Intervention au Coll\u00e8ge Lucien Pougu\u00e9 \u00e0 R\u00e9milly\" class=\"hover-type-none\"><img decoding=\"async\" width=\"700\" height=\"441\" src=\"https:\/\/sosracismemoselle.org\/wp-content\/uploads\/2024\/10\/462433962_505331232474250_1747586902210156402_n-700x441.jpg\" class=\"attachment-recent-posts size-recent-posts\" alt=\"\" srcset=\"https:\/\/sosracismemoselle.org\/wp-content\/uploads\/2024\/10\/462433962_505331232474250_1747586902210156402_n-320x202.jpg 320w, https:\/\/sosracismemoselle.org\/wp-content\/uploads\/2024\/10\/462433962_505331232474250_1747586902210156402_n-700x441.jpg 700w\" sizes=\"(max-width: 700px) 100vw, 700px\" \/><\/a><\/li><\/ul><\/div><div class=\"recent-posts-content\"><span class=\"vcard\" style=\"display: none;\"><span class=\"fn\"><a href=\"https:\/\/sosracismemoselle.org\/index.php\/author\/jr\/\" title=\"Posts by JR\" rel=\"author\">JR<\/a><\/span><\/span><span class=\"updated\" style=\"display:none;\">2024-10-20T00:31:14+02:00<\/span><h4 class=\"entry-title\"><a href=\"https:\/\/sosracismemoselle.org\/index.php\/2024\/04\/04\/intervention-au-college-lucien-pougue-a-remilly\/\">Intervention au Coll\u00e8ge Lucien Pougu\u00e9 \u00e0 R\u00e9milly<\/a><\/h4><p class=\"meta\"><span class=\"vcard\" style=\"display: none;\"><span class=\"fn\"><a href=\"https:\/\/sosracismemoselle.org\/index.php\/author\/jr\/\" title=\"Posts by JR\" rel=\"author\">JR<\/a><\/span><\/span><span class=\"updated\" style=\"display:none;\">2024-10-20T00:31:14+02:00<\/span><span>4 April 2024<\/span><span class=\"fusion-inline-sep\">|<\/span><span class=\"fusion-comments\"><a href=\"https:\/\/sosracismemoselle.org\/index.php\/2024\/04\/04\/intervention-au-college-lucien-pougue-a-remilly\/#respond\">0 Comments<\/a><\/span><\/p><p> Nous avons eu le plaisir de partager une journ\u00e9e enrichissante avec les \u00e9l\u00e8ves du Coll\u00e8ge Lucien Pougu\u00e9 \u00e0 R\u00e9milly. Quatre de nos intervenants ont partag\u00e9 des moments d'\u00e9changes enrichissants avec les \u00e9l\u00e8ves, sur la [...]<\/p><\/div><\/article><article class=\"post fusion-column column col col-lg-12 col-md-12 col-sm-12\"><div class=\"fusion-flexslider fusion-flexslider-loading flexslider flexslider-hover-type-none\"><ul class=\"slides\"><li><a href=\"https:\/\/sosracismemoselle.org\/index.php\/2024\/01\/11\/corah-reunion-du-comite-operationnel-de-lutte-contre-le-racisme-lantisemitisme-et-la-haine-anti-lgbt\/\" aria-label=\"#CORAH | R\u00e9union du comit\u00e9 op\u00e9rationnel de lutte contre le racisme, l\u2019antis\u00e9mitisme et la haine anti-LGBT\" class=\"hover-type-none\"><img decoding=\"async\" width=\"700\" height=\"441\" src=\"https:\/\/sosracismemoselle.org\/wp-content\/uploads\/2024\/01\/418929537_324315907242451_3568074375690370562_n-700x441.jpg\" class=\"attachment-recent-posts size-recent-posts\" alt=\"\" srcset=\"https:\/\/sosracismemoselle.org\/wp-content\/uploads\/2024\/01\/418929537_324315907242451_3568074375690370562_n-320x202.jpg 320w, https:\/\/sosracismemoselle.org\/wp-content\/uploads\/2024\/01\/418929537_324315907242451_3568074375690370562_n-700x441.jpg 700w\" sizes=\"(max-width: 700px) 100vw, 700px\" \/><\/a><\/li><\/ul><\/div><div class=\"recent-posts-content\"><span class=\"vcard\" style=\"display: none;\"><span class=\"fn\"><a href=\"https:\/\/sosracismemoselle.org\/index.php\/author\/jr\/\" title=\"Posts by JR\" rel=\"author\">JR<\/a><\/span><\/span><span class=\"updated\" style=\"display:none;\">2024-10-19T15:31:34+02:00<\/span><h4 class=\"entry-title\"><a href=\"https:\/\/sosracismemoselle.org\/index.php\/2024\/01\/11\/corah-reunion-du-comite-operationnel-de-lutte-contre-le-racisme-lantisemitisme-et-la-haine-anti-lgbt\/\">#CORAH | R\u00e9union du comit\u00e9 op\u00e9rationnel de lutte contre le racisme, l\u2019antis\u00e9mitisme et la haine anti-LGBT<\/a><\/h4><p class=\"meta\"><span class=\"vcard\" style=\"display: none;\"><span class=\"fn\"><a href=\"https:\/\/sosracismemoselle.org\/index.php\/author\/jr\/\" title=\"Posts by JR\" rel=\"author\">JR<\/a><\/span><\/span><span class=\"updated\" style=\"display:none;\">2024-10-19T15:31:34+02:00<\/span><span>11 January 2024<\/span><span class=\"fusion-inline-sep\">|<\/span><span class=\"fusion-comments\"><a href=\"https:\/\/sosracismemoselle.org\/index.php\/2024\/01\/11\/corah-reunion-du-comite-operationnel-de-lutte-contre-le-racisme-lantisemitisme-et-la-haine-anti-lgbt\/#respond\">0 Comments<\/a><\/span><\/p><p> Ce matin, r\u00e9union du comit\u00e9 op\u00e9rationnel de lutte contre le racisme, l\u2019antis\u00e9mitisme et la haine anti-LGBT en pr\u00e9fecture. Une rencontre pr\u00e9sid\u00e9e par la Directrice de cabinet du Pr\u00e9fet de la Moselle, Ad\u00e9lie Pommier, accompagn\u00e9e [...]<\/p><\/div><\/article><\/section><\/div><\/div><\/div><div class=\"fusion-layout-column fusion_builder_column fusion-builder-column-3 fusion_builder_column_1_3 1_3 fusion-flex-column\" style=\"--awb-bg-size:cover;--awb-width-large:33.333333333333%;--awb-margin-top-large:0px;--awb-spacing-right-large:5.76%;--awb-margin-bottom-large:20px;--awb-spacing-left-large:5.76%;--awb-width-medium:33.333333333333%;--awb-order-medium:0;--awb-spacing-right-medium:5.76%;--awb-spacing-left-medium:5.76%;--awb-width-small:100%;--awb-order-small:0;--awb-spacing-right-small:1.92%;--awb-spacing-left-small:1.92%;\"><div class=\"fusion-column-wrapper fusion-column-has-shadow fusion-flex-justify-content-flex-start fusion-content-layout-column\"><div class=\"fusion-recent-posts fusion-recent-posts-3 avada-container layout-default layout-columns-1\"><section class=\"fusion-columns columns fusion-columns-1 columns-1\"><article class=\"post fusion-column column col col-lg-12 col-md-12 col-sm-12\"><div class=\"fusion-flexslider fusion-flexslider-loading flexslider flexslider-hover-type-none\"><ul class=\"slides\"><li><a href=\"https:\/\/sosracismemoselle.org\/index.php\/2025\/07\/20\/journee-nationale-a-la-memoire-des-victimes-des-crimes-racistes-et-antisemites-de-letat-francais\/\" aria-label=\"Journ\u00e9e nationale \u00e0 la m\u00e9moire des victimes des crimes racistes et antis\u00e9mites de l\u2019\u00c9tat fran\u00e7ais\" class=\"hover-type-none\"><img decoding=\"async\" width=\"700\" height=\"441\" src=\"https:\/\/sosracismemoselle.org\/wp-content\/uploads\/2025\/07\/520601725_725949637079074_5400409612393472437_n-700x441.jpg\" class=\"attachment-recent-posts size-recent-posts\" alt=\"\" srcset=\"https:\/\/sosracismemoselle.org\/wp-content\/uploads\/2025\/07\/520601725_725949637079074_5400409612393472437_n-320x202.jpg 320w, https:\/\/sosracismemoselle.org\/wp-content\/uploads\/2025\/07\/520601725_725949637079074_5400409612393472437_n-700x441.jpg 700w\" sizes=\"(max-width: 700px) 100vw, 700px\" \/><\/a><\/li><\/ul><\/div><div class=\"recent-posts-content\"><span class=\"vcard\" style=\"display: none;\"><span class=\"fn\"><a href=\"https:\/\/sosracismemoselle.org\/index.php\/author\/jr\/\" title=\"Posts by JR\" rel=\"author\">JR<\/a><\/span><\/span><span class=\"updated\" style=\"display:none;\">2025-08-04T07:37:14+02:00<\/span><h4 class=\"entry-title\"><a href=\"https:\/\/sosracismemoselle.org\/index.php\/2025\/07\/20\/journee-nationale-a-la-memoire-des-victimes-des-crimes-racistes-et-antisemites-de-letat-francais\/\">Journ\u00e9e nationale \u00e0 la m\u00e9moire des victimes des crimes racistes et antis\u00e9mites de l\u2019\u00c9tat fran\u00e7ais<\/a><\/h4><p class=\"meta\"><span class=\"vcard\" style=\"display: none;\"><span class=\"fn\"><a href=\"https:\/\/sosracismemoselle.org\/index.php\/author\/jr\/\" title=\"Posts by JR\" rel=\"author\">JR<\/a><\/span><\/span><span class=\"updated\" style=\"display:none;\">2025-08-04T07:37:14+02:00<\/span><span>20 July 2025<\/span><span class=\"fusion-inline-sep\">|<\/span><span class=\"fusion-comments\"><a href=\"https:\/\/sosracismemoselle.org\/index.php\/2025\/07\/20\/journee-nationale-a-la-memoire-des-victimes-des-crimes-racistes-et-antisemites-de-letat-francais\/#respond\">0 Comments<\/a><\/span><\/p><p>  Ce matin, au Fort de Queuleu \u00e0 Metz, nous avons particip\u00e9 \u00e0 la c\u00e9r\u00e9monie de comm\u00e9moration de la Journ\u00e9e nationale \u00e0 la m\u00e9moire des victimes des crimes racistes et antis\u00e9mites de l\u2019\u00c9tat fran\u00e7ais. [...]<\/p><\/div><\/article><article class=\"post fusion-column column col col-lg-12 col-md-12 col-sm-12\"><div class=\"fusion-flexslider fusion-flexslider-loading flexslider flexslider-hover-type-none\"><ul class=\"slides\"><li><a href=\"https:\/\/sosracismemoselle.org\/index.php\/2025\/05\/23\/23-mai-journee-nationale-en-hommage-aux-victimes-de-lesclavage-colonial\/\" aria-label=\"23 mai \u2013 Journ\u00e9e nationale en hommage aux victimes de l\u2019esclavage colonial\" class=\"hover-type-none\"><img decoding=\"async\" width=\"700\" height=\"441\" src=\"https:\/\/sosracismemoselle.org\/wp-content\/uploads\/2025\/08\/494465569_679223608418344_1109189434130789551_n-700x441.jpg\" class=\"attachment-recent-posts size-recent-posts\" alt=\"\" srcset=\"https:\/\/sosracismemoselle.org\/wp-content\/uploads\/2025\/08\/494465569_679223608418344_1109189434130789551_n-320x202.jpg 320w, https:\/\/sosracismemoselle.org\/wp-content\/uploads\/2025\/08\/494465569_679223608418344_1109189434130789551_n-700x441.jpg 700w\" sizes=\"(max-width: 700px) 100vw, 700px\" \/><\/a><\/li><\/ul><\/div><div class=\"recent-posts-content\"><span class=\"vcard\" style=\"display: none;\"><span class=\"fn\"><a href=\"https:\/\/sosracismemoselle.org\/index.php\/author\/jr\/\" title=\"Posts by JR\" rel=\"author\">JR<\/a><\/span><\/span><span class=\"updated\" style=\"display:none;\">2025-08-04T07:23:11+02:00<\/span><h4 class=\"entry-title\"><a href=\"https:\/\/sosracismemoselle.org\/index.php\/2025\/05\/23\/23-mai-journee-nationale-en-hommage-aux-victimes-de-lesclavage-colonial\/\">23 mai \u2013 Journ\u00e9e nationale en hommage aux victimes de l\u2019esclavage colonial<\/a><\/h4><p class=\"meta\"><span class=\"vcard\" style=\"display: none;\"><span class=\"fn\"><a href=\"https:\/\/sosracismemoselle.org\/index.php\/author\/jr\/\" title=\"Posts by JR\" rel=\"author\">JR<\/a><\/span><\/span><span class=\"updated\" style=\"display:none;\">2025-08-04T07:23:11+02:00<\/span><span>23 May 2025<\/span><span class=\"fusion-inline-sep\">|<\/span><span class=\"fusion-comments\"><a href=\"https:\/\/sosracismemoselle.org\/index.php\/2025\/05\/23\/23-mai-journee-nationale-en-hommage-aux-victimes-de-lesclavage-colonial\/#respond\">0 Comments<\/a><\/span><\/p><p>  \u00c0 l\u2019occasion de la Journ\u00e9e nationale en hommage aux victimes de l\u2019esclavage colonial, nous tenons \u00e0 rappeler que l\u2019histoire coloniale, ses violences et ses h\u00e9ritages, ne peuvent \u00eatre occult\u00e9s si l\u2019on veut v\u00e9ritablement [...]<\/p><\/div><\/article><article class=\"post fusion-column column col col-lg-12 col-md-12 col-sm-12\"><div class=\"fusion-flexslider fusion-flexslider-loading flexslider flexslider-hover-type-none\"><ul class=\"slides\"><li><a href=\"https:\/\/sosracismemoselle.org\/index.php\/2025\/05\/10\/hommage-a-aboubakar-cisse-et-mobilisation-contre-lislamophobie\/\" aria-label=\"Hommage \u00e0 Aboubakar Ciss\u00e9 et mobilisation contre l\u2019islamophobie\" class=\"hover-type-none\"><img decoding=\"async\" width=\"700\" height=\"441\" src=\"https:\/\/sosracismemoselle.org\/wp-content\/uploads\/2025\/08\/493082303_672454289095276_4789265369136318171_n-700x441.jpg\" class=\"attachment-recent-posts size-recent-posts\" alt=\"\" srcset=\"https:\/\/sosracismemoselle.org\/wp-content\/uploads\/2025\/08\/493082303_672454289095276_4789265369136318171_n-320x202.jpg 320w, https:\/\/sosracismemoselle.org\/wp-content\/uploads\/2025\/08\/493082303_672454289095276_4789265369136318171_n-700x441.jpg 700w\" sizes=\"(max-width: 700px) 100vw, 700px\" \/><\/a><\/li><\/ul><\/div><div class=\"recent-posts-content\"><span class=\"vcard\" style=\"display: none;\"><span class=\"fn\"><a href=\"https:\/\/sosracismemoselle.org\/index.php\/author\/jr\/\" title=\"Posts by JR\" rel=\"author\">JR<\/a><\/span><\/span><span class=\"updated\" style=\"display:none;\">2025-08-04T06:35:30+02:00<\/span><h4 class=\"entry-title\"><a href=\"https:\/\/sosracismemoselle.org\/index.php\/2025\/05\/10\/hommage-a-aboubakar-cisse-et-mobilisation-contre-lislamophobie\/\">Hommage \u00e0 Aboubakar Ciss\u00e9 et mobilisation contre l\u2019islamophobie<\/a><\/h4><p class=\"meta\"><span class=\"vcard\" style=\"display: none;\"><span class=\"fn\"><a href=\"https:\/\/sosracismemoselle.org\/index.php\/author\/jr\/\" title=\"Posts by JR\" rel=\"author\">JR<\/a><\/span><\/span><span class=\"updated\" style=\"display:none;\">2025-08-04T06:35:30+02:00<\/span><span>10 May 2025<\/span><span class=\"fusion-inline-sep\">|<\/span><span class=\"fusion-comments\"><span>Comments Off<span class=\"screen-reader-text\"> on Hommage \u00e0 Aboubakar Ciss\u00e9 et mobilisation contre l\u2019islamophobie<\/span><\/span><\/span><\/p><p>Nous appellons \u00e0 une mobilisation citoyenne ce samedi 17 mai, \u00e0 partir de 10h30 \u00e0 Metz. Une marche silencieuse partira de la Place de la R\u00e9publique pour rejoindre le Parvis des Droits de l\u2019Homme, en [...]<\/p><\/div><\/article><article class=\"post fusion-column column col col-lg-12 col-md-12 col-sm-12\"><div class=\"fusion-flexslider fusion-flexslider-loading flexslider flexslider-hover-type-none\"><ul class=\"slides\"><li><a href=\"https:\/\/sosracismemoselle.org\/index.php\/2025\/05\/01\/a-delme-et-metz-pour-honorer-la-memoire-des-deportes-juifs\/\" aria-label=\"\u00c0 Delme et Metz pour honorer la m\u00e9moire des d\u00e9port\u00e9s juifs\" class=\"hover-type-none\"><img decoding=\"async\" width=\"700\" height=\"441\" src=\"https:\/\/sosracismemoselle.org\/wp-content\/uploads\/2025\/08\/494196576_662140713459967_3451182361404815191_n-700x441.jpg\" class=\"attachment-recent-posts size-recent-posts\" alt=\"\" srcset=\"https:\/\/sosracismemoselle.org\/wp-content\/uploads\/2025\/08\/494196576_662140713459967_3451182361404815191_n-320x202.jpg 320w, https:\/\/sosracismemoselle.org\/wp-content\/uploads\/2025\/08\/494196576_662140713459967_3451182361404815191_n-700x441.jpg 700w\" sizes=\"(max-width: 700px) 100vw, 700px\" \/><\/a><\/li><\/ul><\/div><div class=\"recent-posts-content\"><span class=\"vcard\" style=\"display: none;\"><span class=\"fn\"><a href=\"https:\/\/sosracismemoselle.org\/index.php\/author\/jr\/\" title=\"Posts by JR\" rel=\"author\">JR<\/a><\/span><\/span><span class=\"updated\" style=\"display:none;\">2025-08-04T07:36:25+02:00<\/span><h4 class=\"entry-title\"><a href=\"https:\/\/sosracismemoselle.org\/index.php\/2025\/05\/01\/a-delme-et-metz-pour-honorer-la-memoire-des-deportes-juifs\/\">\u00c0 Delme et Metz pour honorer la m\u00e9moire des d\u00e9port\u00e9s juifs<\/a><\/h4><p class=\"meta\"><span class=\"vcard\" style=\"display: none;\"><span class=\"fn\"><a href=\"https:\/\/sosracismemoselle.org\/index.php\/author\/jr\/\" title=\"Posts by JR\" rel=\"author\">JR<\/a><\/span><\/span><span class=\"updated\" style=\"display:none;\">2025-08-04T07:36:25+02:00<\/span><span>1 May 2025<\/span><span class=\"fusion-inline-sep\">|<\/span><span class=\"fusion-comments\"><a href=\"https:\/\/sosracismemoselle.org\/index.php\/2025\/05\/01\/a-delme-et-metz-pour-honorer-la-memoire-des-deportes-juifs\/#respond\">0 Comments<\/a><\/span><\/p><p>  Pr\u00e9sents \u00e0 Delme et Metz \u00e0 l\u2019invitation d\u2019Alain cerf, pr\u00e9sident de l\u2019association Stolpersteine Lorraine, pour la pose de pav\u00e9s m\u00e9moriels (Stolpersteine) en hommage aux victimes de la d\u00e9portation. \u00c0 Delme, cinq pav\u00e9s ont [...]<\/p><\/div><\/article><article class=\"post fusion-column column col col-lg-12 col-md-12 col-sm-12\"><div class=\"fusion-flexslider fusion-flexslider-loading flexslider flexslider-hover-type-none\"><ul class=\"slides\"><li><a href=\"https:\/\/sosracismemoselle.org\/index.php\/2024\/12\/01\/thiaroye-1er-decembre-1944-une-tragedie-a-ne-jamais-oublier\/\" aria-label=\"Thiaroye, 1er d\u00e9cembre 1944 : une trag\u00e9die \u00e0 ne jamais oublier\" class=\"hover-type-none\"><img decoding=\"async\" width=\"688\" height=\"441\" src=\"https:\/\/sosracismemoselle.org\/wp-content\/uploads\/2024\/12\/468337036_545248591815847_423125713036294774_n-688x441.jpg\" class=\"attachment-recent-posts size-recent-posts\" alt=\"\" srcset=\"https:\/\/sosracismemoselle.org\/wp-content\/uploads\/2024\/12\/468337036_545248591815847_423125713036294774_n-460x295.jpg 460w, https:\/\/sosracismemoselle.org\/wp-content\/uploads\/2024\/12\/468337036_545248591815847_423125713036294774_n-688x441.jpg 688w\" sizes=\"(max-width: 688px) 100vw, 688px\" \/><\/a><\/li><\/ul><\/div><div class=\"recent-posts-content\"><span class=\"vcard\" style=\"display: none;\"><span class=\"fn\"><a href=\"https:\/\/sosracismemoselle.org\/index.php\/author\/jr\/\" title=\"Posts by JR\" rel=\"author\">JR<\/a><\/span><\/span><span class=\"updated\" style=\"display:none;\">2024-12-02T10:02:07+01:00<\/span><h4 class=\"entry-title\"><a href=\"https:\/\/sosracismemoselle.org\/index.php\/2024\/12\/01\/thiaroye-1er-decembre-1944-une-tragedie-a-ne-jamais-oublier\/\">Thiaroye, 1er d\u00e9cembre 1944 : une trag\u00e9die \u00e0 ne jamais oublier<\/a><\/h4><p class=\"meta\"><span class=\"vcard\" style=\"display: none;\"><span class=\"fn\"><a href=\"https:\/\/sosracismemoselle.org\/index.php\/author\/jr\/\" title=\"Posts by JR\" rel=\"author\">JR<\/a><\/span><\/span><span class=\"updated\" style=\"display:none;\">2024-12-02T10:02:07+01:00<\/span><span>1 December 2024<\/span><span class=\"fusion-inline-sep\">|<\/span><span class=\"fusion-comments\"><a href=\"https:\/\/sosracismemoselle.org\/index.php\/2024\/12\/01\/thiaroye-1er-decembre-1944-une-tragedie-a-ne-jamais-oublier\/#respond\">0 Comments<\/a><\/span><\/p><p>  Le 1er d\u00e9cembre 1944, \u00e0 Thiaroye, pr\u00e8s de Dakar, l\u2019arm\u00e9e fran\u00e7aise a ouvert le feu sur des tirailleurs s\u00e9n\u00e9galais d\u00e9mobilis\u00e9s, r\u00e9clamant le paiement de leurs soldes. Ces soldats, h\u00e9ros des champs de bataille [...]<\/p><\/div><\/article><article class=\"post fusion-column column col col-lg-12 col-md-12 col-sm-12\"><div class=\"fusion-flexslider fusion-flexslider-loading flexslider flexslider-hover-type-none\"><ul class=\"slides\"><li><a href=\"https:\/\/sosracismemoselle.org\/index.php\/2024\/10\/17\/mobilisation-citoyenne\/\" aria-label=\"Mobilisation citoyenne\" class=\"hover-type-none\"><img decoding=\"async\" width=\"700\" height=\"313\" src=\"https:\/\/sosracismemoselle.org\/wp-content\/uploads\/2024\/10\/AdobeStock_811451821.jpeg\" class=\"attachment-recent-posts size-recent-posts\" alt=\"\" srcset=\"https:\/\/sosracismemoselle.org\/wp-content\/uploads\/2024\/10\/AdobeStock_811451821-300x134.jpeg 300w, https:\/\/sosracismemoselle.org\/wp-content\/uploads\/2024\/10\/AdobeStock_811451821-768x343.jpeg 768w, https:\/\/sosracismemoselle.org\/wp-content\/uploads\/2024\/10\/AdobeStock_811451821-1024x458.jpeg 1024w, https:\/\/sosracismemoselle.org\/wp-content\/uploads\/2024\/10\/AdobeStock_811451821.jpeg 1280w\" sizes=\"(max-width: 700px) 100vw, 700px\" \/><\/a><\/li><\/ul><\/div><div class=\"recent-posts-content\"><span class=\"vcard\" style=\"display: none;\"><span class=\"fn\"><a href=\"https:\/\/sosracismemoselle.org\/index.php\/author\/nicolas\/\" title=\"Posts by Nicolas\" rel=\"author\">Nicolas<\/a><\/span><\/span><span class=\"updated\" style=\"display:none;\">2024-10-17T13:11:06+02:00<\/span><h4 class=\"entry-title\"><a href=\"https:\/\/sosracismemoselle.org\/index.php\/2024\/10\/17\/mobilisation-citoyenne\/\">Mobilisation citoyenne<\/a><\/h4><p class=\"meta\"><span class=\"vcard\" style=\"display: none;\"><span class=\"fn\"><a href=\"https:\/\/sosracismemoselle.org\/index.php\/author\/nicolas\/\" title=\"Posts by Nicolas\" rel=\"author\">Nicolas<\/a><\/span><\/span><span class=\"updated\" style=\"display:none;\">2024-10-17T13:11:06+02:00<\/span><span>17 October 2024<\/span><span class=\"fusion-inline-sep\">|<\/span><span class=\"fusion-comments\"><a href=\"https:\/\/sosracismemoselle.org\/index.php\/2024\/10\/17\/mobilisation-citoyenne\/#respond\">0 Comments<\/a><\/span><\/p><p> Titre de l'action Lorem ipsum dolor sit amet, consectetur adipiscing elit, sed do eiusmod tempor incididunt ut labore et dolore magna aliqua. Ut enim ad minim veniam, quis nostrud exercitation ullamco laboris nisi ut [...]<\/p><\/div><\/article><\/section><\/div><\/div><\/div><\/div><\/div><\/p>\n","protected":false},"excerpt":{"rendered":"","protected":false},"author":5,"featured_media":0,"parent":0,"menu_order":0,"comment_status":"closed","ping_status":"closed","template":"100-width.php","meta":{"footnotes":""},"class_list":["post-2195","page","type-page","status-publish","hentry"],"aioseo_notices":[],"_links":{"self":[{"href":"https:\/\/sosracismemoselle.org\/index.php\/wp-json\/wp\/v2\/pages\/2195","targetHints":{"allow":["GET"]}}],"collection":[{"href":"https:\/\/sosracismemoselle.org\/index.php\/wp-json\/wp\/v2\/pages"}],"about":[{"href":"https:\/\/sosracismemoselle.org\/index.php\/wp-json\/wp\/v2\/types\/page"}],"author":[{"embeddable":true,"href":"https:\/\/sosracismemoselle.org\/index.php\/wp-json\/wp\/v2\/users\/5"}],"replies":[{"embeddable":true,"href":"https:\/\/sosracismemoselle.org\/index.php\/wp-json\/wp\/v2\/comments?post=2195"}],"version-history":[{"count":6,"href":"https:\/\/sosracismemoselle.org\/index.php\/wp-json\/wp\/v2\/pages\/2195\/revisions"}],"predecessor-version":[{"id":2256,"href":"https:\/\/sosracismemoselle.org\/index.php\/wp-json\/wp\/v2\/pages\/2195\/revisions\/2256"}],"wp:attachment":[{"href":"https:\/\/sosracismemoselle.org\/index.php\/wp-json\/wp\/v2\/media?parent=2195"}],"curies":[{"name":"wp","href":"https:\/\/api.w.org\/{rel}","templated":true}]}}