{"id":2142,"date":"2024-10-10T09:54:11","date_gmt":"2024-10-10T07:54:11","guid":{"rendered":"https:\/\/sosracismemoselle.org\/?page_id=2142"},"modified":"2025-05-28T14:11:40","modified_gmt":"2025-05-28T12:11:40","slug":"accueil","status":"publish","type":"page","link":"https:\/\/sosracismemoselle.org\/","title":{"rendered":"Accueil"},"content":{"rendered":"<div class=\"fusion-fullwidth fullwidth-box fusion-builder-row-1 fusion-flex-container nonhundred-percent-fullwidth non-hundred-percent-height-scrolling\" style=\"--awb-border-radius-top-left:0px;--awb-border-radius-top-right:0px;--awb-border-radius-bottom-right:0px;--awb-border-radius-bottom-left:0px;--awb-flex-wrap:wrap;\" ><div class=\"fusion-builder-row fusion-row fusion-flex-align-items-flex-start fusion-flex-content-wrap\" style=\"max-width:1123.2px;margin-left: calc(-4% \/ 2 );margin-right: calc(-4% \/ 2 );\"><div class=\"fusion-layout-column fusion_builder_column fusion-builder-column-0 fusion_builder_column_2_3 2_3 fusion-flex-column\" style=\"--awb-bg-size:cover;--awb-width-large:66.666666666667%;--awb-margin-top-large:0px;--awb-spacing-right-large:2.88%;--awb-margin-bottom-large:20px;--awb-spacing-left-large:1.92%;--awb-width-medium:66.666666666667%;--awb-order-medium:0;--awb-spacing-right-medium:2.88%;--awb-spacing-left-medium:1.92%;--awb-width-small:100%;--awb-order-small:0;--awb-spacing-right-small:1.92%;--awb-spacing-left-small:1.92%;\"><div class=\"fusion-column-wrapper fusion-column-has-shadow fusion-flex-justify-content-flex-start fusion-content-layout-column\"><div class=\"fusion-recent-posts fusion-recent-posts-1 avada-container layout-thumbnails-on-side layout-columns-1\"><section class=\"fusion-columns columns fusion-columns-1 columns-1\"><article class=\"post fusion-column column col col-lg-12 col-md-12 col-sm-12\"><div class=\"fusion-flexslider fusion-flexslider-loading flexslider floated-slideshow flexslider-hover-type-zoomin\"><ul class=\"slides\"><li><a href=\"https:\/\/sosracismemoselle.org\/index.php\/2025\/07\/20\/journee-nationale-a-la-memoire-des-victimes-des-crimes-racistes-et-antisemites-de-letat-francais\/\" aria-label=\"Journ\u00e9e nationale \u00e0 la m\u00e9moire des victimes des crimes racistes et antis\u00e9mites de l\u2019\u00c9tat fran\u00e7ais\" class=\"hover-type-zoomin\"><img decoding=\"async\" width=\"177\" height=\"142\" src=\"https:\/\/sosracismemoselle.org\/wp-content\/uploads\/2025\/07\/520601725_725949637079074_5400409612393472437_n-177x142.jpg\" class=\"attachment-portfolio-five size-portfolio-five\" alt=\"\" \/><\/a><\/li><\/ul><\/div><div class=\"recent-posts-content\"><span class=\"vcard\" style=\"display: none;\"><span class=\"fn\"><a href=\"https:\/\/sosracismemoselle.org\/index.php\/author\/jr\/\" title=\"Posts by JR\" rel=\"author\">JR<\/a><\/span><\/span><span class=\"updated\" style=\"display:none;\">2025-08-04T07:37:14+02:00<\/span><h4 class=\"entry-title\"><a href=\"https:\/\/sosracismemoselle.org\/index.php\/2025\/07\/20\/journee-nationale-a-la-memoire-des-victimes-des-crimes-racistes-et-antisemites-de-letat-francais\/\">Journ\u00e9e nationale \u00e0 la m\u00e9moire des victimes des crimes racistes et antis\u00e9mites de l\u2019\u00c9tat fran\u00e7ais<\/a><\/h4><p class=\"meta\"><span class=\"vcard\" style=\"display: none;\"><span class=\"fn\"><a href=\"https:\/\/sosracismemoselle.org\/index.php\/author\/jr\/\" title=\"Posts by JR\" rel=\"author\">JR<\/a><\/span><\/span><span class=\"updated\" style=\"display:none;\">2025-08-04T07:37:14+02:00<\/span><span>20 July 2025<\/span><span class=\"fusion-inline-sep\">|<\/span><span class=\"fusion-comments\"><a href=\"https:\/\/sosracismemoselle.org\/index.php\/2025\/07\/20\/journee-nationale-a-la-memoire-des-victimes-des-crimes-racistes-et-antisemites-de-letat-francais\/#respond\">0 Comments<\/a><\/span><\/p><p>  Ce matin, au Fort de Queuleu \u00e0 Metz, nous avons particip\u00e9 \u00e0 la c\u00e9r\u00e9monie de comm\u00e9moration de la Journ\u00e9e nationale \u00e0 la m\u00e9moire des victimes des crimes racistes et antis\u00e9mites de l\u2019\u00c9tat fran\u00e7ais. [...]<\/p><\/div><\/article><article class=\"post fusion-column column col col-lg-12 col-md-12 col-sm-12\"><div class=\"fusion-flexslider fusion-flexslider-loading flexslider floated-slideshow flexslider-hover-type-zoomin\"><ul class=\"slides\"><li><a href=\"https:\/\/sosracismemoselle.org\/index.php\/2025\/05\/23\/23-mai-journee-nationale-en-hommage-aux-victimes-de-lesclavage-colonial\/\" aria-label=\"23 mai \u2013 Journ\u00e9e nationale en hommage aux victimes de l\u2019esclavage colonial\" class=\"hover-type-zoomin\"><img decoding=\"async\" width=\"177\" height=\"142\" src=\"https:\/\/sosracismemoselle.org\/wp-content\/uploads\/2025\/08\/494465569_679223608418344_1109189434130789551_n-177x142.jpg\" class=\"attachment-portfolio-five size-portfolio-five\" alt=\"\" \/><\/a><\/li><\/ul><\/div><div class=\"recent-posts-content\"><span class=\"vcard\" style=\"display: none;\"><span class=\"fn\"><a href=\"https:\/\/sosracismemoselle.org\/index.php\/author\/jr\/\" title=\"Posts by JR\" rel=\"author\">JR<\/a><\/span><\/span><span class=\"updated\" style=\"display:none;\">2025-08-04T07:23:11+02:00<\/span><h4 class=\"entry-title\"><a href=\"https:\/\/sosracismemoselle.org\/index.php\/2025\/05\/23\/23-mai-journee-nationale-en-hommage-aux-victimes-de-lesclavage-colonial\/\">23 mai \u2013 Journ\u00e9e nationale en hommage aux victimes de l\u2019esclavage colonial<\/a><\/h4><p class=\"meta\"><span class=\"vcard\" style=\"display: none;\"><span class=\"fn\"><a href=\"https:\/\/sosracismemoselle.org\/index.php\/author\/jr\/\" title=\"Posts by JR\" rel=\"author\">JR<\/a><\/span><\/span><span class=\"updated\" style=\"display:none;\">2025-08-04T07:23:11+02:00<\/span><span>23 May 2025<\/span><span class=\"fusion-inline-sep\">|<\/span><span class=\"fusion-comments\"><a href=\"https:\/\/sosracismemoselle.org\/index.php\/2025\/05\/23\/23-mai-journee-nationale-en-hommage-aux-victimes-de-lesclavage-colonial\/#respond\">0 Comments<\/a><\/span><\/p><p>  \u00c0 l\u2019occasion de la Journ\u00e9e nationale en hommage aux victimes de l\u2019esclavage colonial, nous tenons \u00e0 rappeler que l\u2019histoire coloniale, ses violences et ses h\u00e9ritages, ne peuvent \u00eatre occult\u00e9s si l\u2019on veut v\u00e9ritablement [...]<\/p><\/div><\/article><article class=\"post fusion-column column col col-lg-12 col-md-12 col-sm-12\"><div class=\"fusion-flexslider fusion-flexslider-loading flexslider floated-slideshow flexslider-hover-type-zoomin\"><ul class=\"slides\"><li><a href=\"https:\/\/sosracismemoselle.org\/index.php\/2025\/05\/10\/hommage-a-aboubakar-cisse-et-mobilisation-contre-lislamophobie\/\" aria-label=\"Hommage \u00e0 Aboubakar Ciss\u00e9 et mobilisation contre l\u2019islamophobie\" class=\"hover-type-zoomin\"><img decoding=\"async\" width=\"177\" height=\"142\" src=\"https:\/\/sosracismemoselle.org\/wp-content\/uploads\/2025\/08\/493082303_672454289095276_4789265369136318171_n-177x142.jpg\" class=\"attachment-portfolio-five size-portfolio-five\" alt=\"\" \/><\/a><\/li><\/ul><\/div><div class=\"recent-posts-content\"><span class=\"vcard\" style=\"display: none;\"><span class=\"fn\"><a href=\"https:\/\/sosracismemoselle.org\/index.php\/author\/jr\/\" title=\"Posts by JR\" rel=\"author\">JR<\/a><\/span><\/span><span class=\"updated\" style=\"display:none;\">2025-08-04T06:35:30+02:00<\/span><h4 class=\"entry-title\"><a href=\"https:\/\/sosracismemoselle.org\/index.php\/2025\/05\/10\/hommage-a-aboubakar-cisse-et-mobilisation-contre-lislamophobie\/\">Hommage \u00e0 Aboubakar Ciss\u00e9 et mobilisation contre l\u2019islamophobie<\/a><\/h4><p class=\"meta\"><span class=\"vcard\" style=\"display: none;\"><span class=\"fn\"><a href=\"https:\/\/sosracismemoselle.org\/index.php\/author\/jr\/\" title=\"Posts by JR\" rel=\"author\">JR<\/a><\/span><\/span><span class=\"updated\" style=\"display:none;\">2025-08-04T06:35:30+02:00<\/span><span>10 May 2025<\/span><span class=\"fusion-inline-sep\">|<\/span><span class=\"fusion-comments\"><span>Comments Off<span class=\"screen-reader-text\"> on Hommage \u00e0 Aboubakar Ciss\u00e9 et mobilisation contre l\u2019islamophobie<\/span><\/span><\/span><\/p><p>Nous appellons \u00e0 une mobilisation citoyenne ce samedi 17 mai, \u00e0 partir de 10h30 \u00e0 Metz. Une marche silencieuse partira de la Place de la R\u00e9publique pour rejoindre le Parvis des Droits de l\u2019Homme, en [...]<\/p><\/div><\/article><article class=\"post fusion-column column col col-lg-12 col-md-12 col-sm-12\"><div class=\"fusion-flexslider fusion-flexslider-loading flexslider floated-slideshow flexslider-hover-type-zoomin\"><ul class=\"slides\"><li><a href=\"https:\/\/sosracismemoselle.org\/index.php\/2025\/05\/01\/a-delme-et-metz-pour-honorer-la-memoire-des-deportes-juifs\/\" aria-label=\"\u00c0 Delme et Metz pour honorer la m\u00e9moire des d\u00e9port\u00e9s juifs\" class=\"hover-type-zoomin\"><img decoding=\"async\" width=\"177\" height=\"142\" src=\"https:\/\/sosracismemoselle.org\/wp-content\/uploads\/2025\/08\/494196576_662140713459967_3451182361404815191_n-177x142.jpg\" class=\"attachment-portfolio-five size-portfolio-five\" alt=\"\" \/><\/a><\/li><\/ul><\/div><div class=\"recent-posts-content\"><span class=\"vcard\" style=\"display: none;\"><span class=\"fn\"><a href=\"https:\/\/sosracismemoselle.org\/index.php\/author\/jr\/\" title=\"Posts by JR\" rel=\"author\">JR<\/a><\/span><\/span><span class=\"updated\" style=\"display:none;\">2025-08-04T07:36:25+02:00<\/span><h4 class=\"entry-title\"><a href=\"https:\/\/sosracismemoselle.org\/index.php\/2025\/05\/01\/a-delme-et-metz-pour-honorer-la-memoire-des-deportes-juifs\/\">\u00c0 Delme et Metz pour honorer la m\u00e9moire des d\u00e9port\u00e9s juifs<\/a><\/h4><p class=\"meta\"><span class=\"vcard\" style=\"display: none;\"><span class=\"fn\"><a href=\"https:\/\/sosracismemoselle.org\/index.php\/author\/jr\/\" title=\"Posts by JR\" rel=\"author\">JR<\/a><\/span><\/span><span class=\"updated\" style=\"display:none;\">2025-08-04T07:36:25+02:00<\/span><span>1 May 2025<\/span><span class=\"fusion-inline-sep\">|<\/span><span class=\"fusion-comments\"><a href=\"https:\/\/sosracismemoselle.org\/index.php\/2025\/05\/01\/a-delme-et-metz-pour-honorer-la-memoire-des-deportes-juifs\/#respond\">0 Comments<\/a><\/span><\/p><p>  Pr\u00e9sents \u00e0 Delme et Metz \u00e0 l\u2019invitation d\u2019Alain cerf, pr\u00e9sident de l\u2019association Stolpersteine Lorraine, pour la pose de pav\u00e9s m\u00e9moriels (Stolpersteine) en hommage aux victimes de la d\u00e9portation. \u00c0 Delme, cinq pav\u00e9s ont [...]<\/p><\/div><\/article><article class=\"post fusion-column column col col-lg-12 col-md-12 col-sm-12\"><div class=\"fusion-flexslider fusion-flexslider-loading flexslider floated-slideshow flexslider-hover-type-zoomin\"><ul class=\"slides\"><li><a href=\"https:\/\/sosracismemoselle.org\/index.php\/2024\/12\/01\/thiaroye-1er-decembre-1944-une-tragedie-a-ne-jamais-oublier\/\" aria-label=\"Thiaroye, 1er d\u00e9cembre 1944 : une trag\u00e9die \u00e0 ne jamais oublier\" class=\"hover-type-zoomin\"><img decoding=\"async\" width=\"177\" height=\"142\" src=\"https:\/\/sosracismemoselle.org\/wp-content\/uploads\/2024\/12\/468337036_545248591815847_423125713036294774_n-177x142.jpg\" class=\"attachment-portfolio-five size-portfolio-five\" alt=\"\" \/><\/a><\/li><\/ul><\/div><div class=\"recent-posts-content\"><span class=\"vcard\" style=\"display: none;\"><span class=\"fn\"><a href=\"https:\/\/sosracismemoselle.org\/index.php\/author\/jr\/\" title=\"Posts by JR\" rel=\"author\">JR<\/a><\/span><\/span><span class=\"updated\" style=\"display:none;\">2024-12-02T10:02:07+01:00<\/span><h4 class=\"entry-title\"><a href=\"https:\/\/sosracismemoselle.org\/index.php\/2024\/12\/01\/thiaroye-1er-decembre-1944-une-tragedie-a-ne-jamais-oublier\/\">Thiaroye, 1er d\u00e9cembre 1944 : une trag\u00e9die \u00e0 ne jamais oublier<\/a><\/h4><p class=\"meta\"><span class=\"vcard\" style=\"display: none;\"><span class=\"fn\"><a href=\"https:\/\/sosracismemoselle.org\/index.php\/author\/jr\/\" title=\"Posts by JR\" rel=\"author\">JR<\/a><\/span><\/span><span class=\"updated\" style=\"display:none;\">2024-12-02T10:02:07+01:00<\/span><span>1 December 2024<\/span><span class=\"fusion-inline-sep\">|<\/span><span class=\"fusion-comments\"><a href=\"https:\/\/sosracismemoselle.org\/index.php\/2024\/12\/01\/thiaroye-1er-decembre-1944-une-tragedie-a-ne-jamais-oublier\/#respond\">0 Comments<\/a><\/span><\/p><p>  Le 1er d\u00e9cembre 1944, \u00e0 Thiaroye, pr\u00e8s de Dakar, l\u2019arm\u00e9e fran\u00e7aise a ouvert le feu sur des tirailleurs s\u00e9n\u00e9galais d\u00e9mobilis\u00e9s, r\u00e9clamant le paiement de leurs soldes. Ces soldats, h\u00e9ros des champs de bataille [...]<\/p><\/div><\/article><article class=\"post fusion-column column col col-lg-12 col-md-12 col-sm-12\"><div class=\"fusion-flexslider fusion-flexslider-loading flexslider floated-slideshow flexslider-hover-type-zoomin\"><ul class=\"slides\"><li><a href=\"https:\/\/sosracismemoselle.org\/index.php\/2024\/10\/19\/discrimination-au-logement-un-excellent-dossier-ou-pas\/\" aria-label=\"Discrimination au logement : un excellent dossier \u2026 ou pas\" class=\"hover-type-zoomin\"><img decoding=\"async\" width=\"177\" height=\"118\" src=\"https:\/\/sosracismemoselle.org\/wp-content\/uploads\/2024\/10\/AdobeStock_513255142.jpeg\" class=\"attachment-portfolio-five size-portfolio-five\" alt=\"\" srcset=\"https:\/\/sosracismemoselle.org\/wp-content\/uploads\/2024\/10\/AdobeStock_513255142-175x117.jpeg 175w, https:\/\/sosracismemoselle.org\/wp-content\/uploads\/2024\/10\/AdobeStock_513255142-300x200.jpeg 300w, https:\/\/sosracismemoselle.org\/wp-content\/uploads\/2024\/10\/AdobeStock_513255142-768x512.jpeg 768w, https:\/\/sosracismemoselle.org\/wp-content\/uploads\/2024\/10\/AdobeStock_513255142-1024x682.jpeg 1024w, https:\/\/sosracismemoselle.org\/wp-content\/uploads\/2024\/10\/AdobeStock_513255142.jpeg 1280w\" sizes=\"(max-width: 177px) 100vw, 177px\" \/><\/a><\/li><\/ul><\/div><div class=\"recent-posts-content\"><span class=\"vcard\" style=\"display: none;\"><span class=\"fn\"><a href=\"https:\/\/sosracismemoselle.org\/index.php\/author\/jr\/\" title=\"Posts by JR\" rel=\"author\">JR<\/a><\/span><\/span><span class=\"updated\" style=\"display:none;\">2025-05-28T14:41:19+02:00<\/span><h4 class=\"entry-title\"><a href=\"https:\/\/sosracismemoselle.org\/index.php\/2024\/10\/19\/discrimination-au-logement-un-excellent-dossier-ou-pas\/\">Discrimination au logement : un excellent dossier \u2026 ou pas<\/a><\/h4><p class=\"meta\"><span class=\"vcard\" style=\"display: none;\"><span class=\"fn\"><a href=\"https:\/\/sosracismemoselle.org\/index.php\/author\/jr\/\" title=\"Posts by JR\" rel=\"author\">JR<\/a><\/span><\/span><span class=\"updated\" style=\"display:none;\">2025-05-28T14:41:19+02:00<\/span><span>19 October 2024<\/span><span class=\"fusion-inline-sep\">|<\/span><span class=\"fusion-comments\"><a href=\"https:\/\/sosracismemoselle.org\/index.php\/2024\/10\/19\/discrimination-au-logement-un-excellent-dossier-ou-pas\/#respond\">0 Comments<\/a><\/span><\/p><p> Un couple, propri\u00e9taires d'un tr\u00e8s bel appartement, vont avoir besoin d'un temps de r\u00e9flexion suppl\u00e9mentaire pour le louer \u00e0 trois jeunes \u00e9tudiants pas tout \u00e0 fait comme ils les avaient imagin\u00e9s... avec Michel Jonasz, [...]<\/p><\/div><\/article><article class=\"post fusion-column column col col-lg-12 col-md-12 col-sm-12\"><div class=\"fusion-flexslider fusion-flexslider-loading flexslider floated-slideshow flexslider-hover-type-zoomin\"><ul class=\"slides\"><li><a href=\"https:\/\/sosracismemoselle.org\/index.php\/2024\/10\/19\/projet-1-cloned\/\" aria-label=\"Salam Shalom Salut\u00a0\" class=\"hover-type-zoomin\"><img decoding=\"async\" width=\"177\" height=\"142\" src=\"https:\/\/sosracismemoselle.org\/wp-content\/uploads\/2024\/10\/Salam-Shalom-Salut-177x142.jpg\" class=\"attachment-portfolio-five size-portfolio-five\" alt=\"salam Shalom Salut\" \/><\/a><\/li><\/ul><\/div><div class=\"recent-posts-content\"><span class=\"vcard\" style=\"display: none;\"><span class=\"fn\"><a href=\"https:\/\/sosracismemoselle.org\/index.php\/author\/jr\/\" title=\"Posts by JR\" rel=\"author\">JR<\/a><\/span><\/span><span class=\"updated\" style=\"display:none;\">2025-05-28T14:42:36+02:00<\/span><h4 class=\"entry-title\"><a href=\"https:\/\/sosracismemoselle.org\/index.php\/2024\/10\/19\/projet-1-cloned\/\">Salam Shalom Salut\u00a0<\/a><\/h4><p class=\"meta\"><span class=\"vcard\" style=\"display: none;\"><span class=\"fn\"><a href=\"https:\/\/sosracismemoselle.org\/index.php\/author\/jr\/\" title=\"Posts by JR\" rel=\"author\">JR<\/a><\/span><\/span><span class=\"updated\" style=\"display:none;\">2025-05-28T14:42:36+02:00<\/span><span>19 October 2024<\/span><span class=\"fusion-inline-sep\">|<\/span><span class=\"fusion-comments\"><a href=\"https:\/\/sosracismemoselle.org\/index.php\/2024\/10\/19\/projet-1-cloned\/#respond\">0 Comments<\/a><\/span><\/p><p> \u00ab\u00a0Salam Shalom Salut\u00a0\u00bb, ce sont des jeunes, Juifs et Arabes, qui partiront \u00e0 la rencontre de leurs concitoyens afin d\u2019exprimer leur volont\u00e9 de vivre ensemble et de lutter c\u00f4te \u00e0 c\u00f4te contre le racisme [...]<\/p><\/div><\/article><article class=\"post fusion-column column col col-lg-12 col-md-12 col-sm-12\"><div class=\"fusion-flexslider fusion-flexslider-loading flexslider floated-slideshow flexslider-hover-type-zoomin\"><ul class=\"slides\"><li><a href=\"https:\/\/sosracismemoselle.org\/index.php\/2024\/10\/17\/projet-1\/\" aria-label=\"Festival UniVers\" class=\"hover-type-zoomin\"><img decoding=\"async\" width=\"177\" height=\"118\" src=\"https:\/\/sosracismemoselle.org\/wp-content\/uploads\/2024\/10\/AdobeStock_932679313.jpeg\" class=\"attachment-portfolio-five size-portfolio-five\" alt=\"\" srcset=\"https:\/\/sosracismemoselle.org\/wp-content\/uploads\/2024\/10\/AdobeStock_932679313-175x117.jpeg 175w, https:\/\/sosracismemoselle.org\/wp-content\/uploads\/2024\/10\/AdobeStock_932679313-300x200.jpeg 300w, https:\/\/sosracismemoselle.org\/wp-content\/uploads\/2024\/10\/AdobeStock_932679313-768x512.jpeg 768w, https:\/\/sosracismemoselle.org\/wp-content\/uploads\/2024\/10\/AdobeStock_932679313-1024x682.jpeg 1024w, https:\/\/sosracismemoselle.org\/wp-content\/uploads\/2024\/10\/AdobeStock_932679313.jpeg 1280w\" sizes=\"(max-width: 177px) 100vw, 177px\" \/><\/a><\/li><\/ul><\/div><div class=\"recent-posts-content\"><span class=\"vcard\" style=\"display: none;\"><span class=\"fn\"><a href=\"https:\/\/sosracismemoselle.org\/index.php\/author\/nicolas\/\" title=\"Posts by Nicolas\" rel=\"author\">Nicolas<\/a><\/span><\/span><span class=\"updated\" style=\"display:none;\">2025-08-27T18:47:14+02:00<\/span><h4 class=\"entry-title\"><a href=\"https:\/\/sosracismemoselle.org\/index.php\/2024\/10\/17\/projet-1\/\">Festival UniVers<\/a><\/h4><p class=\"meta\"><span class=\"vcard\" style=\"display: none;\"><span class=\"fn\"><a href=\"https:\/\/sosracismemoselle.org\/index.php\/author\/nicolas\/\" title=\"Posts by Nicolas\" rel=\"author\">Nicolas<\/a><\/span><\/span><span class=\"updated\" style=\"display:none;\">2025-08-27T18:47:14+02:00<\/span><span>17 October 2024<\/span><span class=\"fusion-inline-sep\">|<\/span><span class=\"fusion-comments\"><a href=\"https:\/\/sosracismemoselle.org\/index.php\/2024\/10\/17\/projet-1\/#respond\">0 Comments<\/a><\/span><\/p><p> \u00c9GALIT\u00c9 - ADELPHIT\u00c9 - DIVERSIT\u00c9  Festival UniVers 2025 : C\u00e9l\u00e9brons l\u2019\u00c9galit\u00e9, la Adelphit\u00e9 et la Diversit\u00e9 Nous sommes ravis de vous annoncer le Festival UniVers 2025, un \u00e9v\u00e9nement incontournable qui se d\u00e9roulera du [...]<\/p><\/div><\/article><article class=\"post fusion-column column col col-lg-12 col-md-12 col-sm-12\"><div class=\"fusion-flexslider fusion-flexslider-loading flexslider floated-slideshow flexslider-hover-type-zoomin\"><ul class=\"slides\"><li><a href=\"https:\/\/sosracismemoselle.org\/index.php\/2024\/10\/17\/podcast-sujet-1\/\" aria-label=\"Podcast sujet 1\" class=\"hover-type-zoomin\"><img decoding=\"async\" width=\"177\" height=\"99\" src=\"https:\/\/sosracismemoselle.org\/wp-content\/uploads\/2024\/10\/AdobeStock_824504412.jpeg\" class=\"attachment-portfolio-five size-portfolio-five\" alt=\"\" srcset=\"https:\/\/sosracismemoselle.org\/wp-content\/uploads\/2024\/10\/AdobeStock_824504412-300x168.jpeg 300w, https:\/\/sosracismemoselle.org\/wp-content\/uploads\/2024\/10\/AdobeStock_824504412-768x430.jpeg 768w, https:\/\/sosracismemoselle.org\/wp-content\/uploads\/2024\/10\/AdobeStock_824504412-1024x574.jpeg 1024w, https:\/\/sosracismemoselle.org\/wp-content\/uploads\/2024\/10\/AdobeStock_824504412.jpeg 1280w\" sizes=\"(max-width: 177px) 100vw, 177px\" \/><\/a><\/li><\/ul><\/div><div class=\"recent-posts-content\"><span class=\"vcard\" style=\"display: none;\"><span class=\"fn\"><a href=\"https:\/\/sosracismemoselle.org\/index.php\/author\/nicolas\/\" title=\"Posts by Nicolas\" rel=\"author\">Nicolas<\/a><\/span><\/span><span class=\"updated\" style=\"display:none;\">2024-10-17T13:17:31+02:00<\/span><h4 class=\"entry-title\"><a href=\"https:\/\/sosracismemoselle.org\/index.php\/2024\/10\/17\/podcast-sujet-1\/\">Podcast sujet 1<\/a><\/h4><p class=\"meta\"><span class=\"vcard\" style=\"display: none;\"><span class=\"fn\"><a href=\"https:\/\/sosracismemoselle.org\/index.php\/author\/nicolas\/\" title=\"Posts by Nicolas\" rel=\"author\">Nicolas<\/a><\/span><\/span><span class=\"updated\" style=\"display:none;\">2024-10-17T13:17:31+02:00<\/span><span>17 October 2024<\/span><span class=\"fusion-inline-sep\">|<\/span><span class=\"fusion-comments\"><a href=\"https:\/\/sosracismemoselle.org\/index.php\/2024\/10\/17\/podcast-sujet-1\/#respond\">0 Comments<\/a><\/span><\/p><p> Titre du podcast Lorem ipsum dolor sit amet, consectetur adipiscing elit, sed do eiusmod tempor incididunt ut labore et dolore magna aliqua. Ut enim ad minim veniam, quis nostrud exercitation ullamco laboris nisi ut [...]<\/p><\/div><\/article><article class=\"post fusion-column column col col-lg-12 col-md-12 col-sm-12\"><div class=\"fusion-flexslider fusion-flexslider-loading flexslider floated-slideshow flexslider-hover-type-zoomin\"><ul class=\"slides\"><li><a href=\"https:\/\/sosracismemoselle.org\/index.php\/2024\/10\/17\/mobilisation-citoyenne\/\" aria-label=\"Mobilisation citoyenne\" class=\"hover-type-zoomin\"><img decoding=\"async\" width=\"177\" height=\"79\" src=\"https:\/\/sosracismemoselle.org\/wp-content\/uploads\/2024\/10\/AdobeStock_811451821.jpeg\" class=\"attachment-portfolio-five size-portfolio-five\" alt=\"\" srcset=\"https:\/\/sosracismemoselle.org\/wp-content\/uploads\/2024\/10\/AdobeStock_811451821-300x134.jpeg 300w, https:\/\/sosracismemoselle.org\/wp-content\/uploads\/2024\/10\/AdobeStock_811451821-768x343.jpeg 768w, https:\/\/sosracismemoselle.org\/wp-content\/uploads\/2024\/10\/AdobeStock_811451821-1024x458.jpeg 1024w, https:\/\/sosracismemoselle.org\/wp-content\/uploads\/2024\/10\/AdobeStock_811451821.jpeg 1280w\" sizes=\"(max-width: 177px) 100vw, 177px\" \/><\/a><\/li><\/ul><\/div><div class=\"recent-posts-content\"><span class=\"vcard\" style=\"display: none;\"><span class=\"fn\"><a href=\"https:\/\/sosracismemoselle.org\/index.php\/author\/nicolas\/\" title=\"Posts by Nicolas\" rel=\"author\">Nicolas<\/a><\/span><\/span><span class=\"updated\" style=\"display:none;\">2024-10-17T13:11:06+02:00<\/span><h4 class=\"entry-title\"><a href=\"https:\/\/sosracismemoselle.org\/index.php\/2024\/10\/17\/mobilisation-citoyenne\/\">Mobilisation citoyenne<\/a><\/h4><p class=\"meta\"><span class=\"vcard\" style=\"display: none;\"><span class=\"fn\"><a href=\"https:\/\/sosracismemoselle.org\/index.php\/author\/nicolas\/\" title=\"Posts by Nicolas\" rel=\"author\">Nicolas<\/a><\/span><\/span><span class=\"updated\" style=\"display:none;\">2024-10-17T13:11:06+02:00<\/span><span>17 October 2024<\/span><span class=\"fusion-inline-sep\">|<\/span><span class=\"fusion-comments\"><a href=\"https:\/\/sosracismemoselle.org\/index.php\/2024\/10\/17\/mobilisation-citoyenne\/#respond\">0 Comments<\/a><\/span><\/p><p> Titre de l'action Lorem ipsum dolor sit amet, consectetur adipiscing elit, sed do eiusmod tempor incididunt ut labore et dolore magna aliqua. Ut enim ad minim veniam, quis nostrud exercitation ullamco laboris nisi ut [...]<\/p><\/div><\/article><article class=\"post fusion-column column col col-lg-12 col-md-12 col-sm-12\"><div class=\"fusion-flexslider fusion-flexslider-loading flexslider floated-slideshow flexslider-hover-type-zoomin\"><ul class=\"slides\"><li><a href=\"https:\/\/sosracismemoselle.org\/index.php\/2024\/10\/17\/education\/\" aria-label=\"\u00c9ducation\" class=\"hover-type-zoomin\"><img decoding=\"async\" width=\"177\" height=\"118\" src=\"https:\/\/sosracismemoselle.org\/wp-content\/uploads\/2024\/10\/AdobeStock_513255142.jpeg\" class=\"attachment-portfolio-five size-portfolio-five\" alt=\"\" srcset=\"https:\/\/sosracismemoselle.org\/wp-content\/uploads\/2024\/10\/AdobeStock_513255142-175x117.jpeg 175w, https:\/\/sosracismemoselle.org\/wp-content\/uploads\/2024\/10\/AdobeStock_513255142-300x200.jpeg 300w, https:\/\/sosracismemoselle.org\/wp-content\/uploads\/2024\/10\/AdobeStock_513255142-768x512.jpeg 768w, https:\/\/sosracismemoselle.org\/wp-content\/uploads\/2024\/10\/AdobeStock_513255142-1024x682.jpeg 1024w, https:\/\/sosracismemoselle.org\/wp-content\/uploads\/2024\/10\/AdobeStock_513255142.jpeg 1280w\" sizes=\"(max-width: 177px) 100vw, 177px\" \/><\/a><\/li><\/ul><\/div><div class=\"recent-posts-content\"><span class=\"vcard\" style=\"display: none;\"><span class=\"fn\"><a href=\"https:\/\/sosracismemoselle.org\/index.php\/author\/nicolas\/\" title=\"Posts by Nicolas\" rel=\"author\">Nicolas<\/a><\/span><\/span><span class=\"updated\" style=\"display:none;\">2024-10-17T13:06:54+02:00<\/span><h4 class=\"entry-title\"><a href=\"https:\/\/sosracismemoselle.org\/index.php\/2024\/10\/17\/education\/\">\u00c9ducation<\/a><\/h4><p class=\"meta\"><span class=\"vcard\" style=\"display: none;\"><span class=\"fn\"><a href=\"https:\/\/sosracismemoselle.org\/index.php\/author\/nicolas\/\" title=\"Posts by Nicolas\" rel=\"author\">Nicolas<\/a><\/span><\/span><span class=\"updated\" style=\"display:none;\">2024-10-17T13:06:54+02:00<\/span><span>17 October 2024<\/span><span class=\"fusion-inline-sep\">|<\/span><span class=\"fusion-comments\"><a href=\"https:\/\/sosracismemoselle.org\/index.php\/2024\/10\/17\/education\/#respond\">0 Comments<\/a><\/span><\/p><p> Titre de l'action Lorem ipsum dolor sit amet, consectetur adipiscing elit, sed do eiusmod tempor incididunt ut labore et dolore magna aliqua. Ut enim ad minim veniam, quis nostrud exercitation ullamco laboris nisi ut [...]<\/p><\/div><\/article><article class=\"post fusion-column column col col-lg-12 col-md-12 col-sm-12\"><div class=\"fusion-flexslider fusion-flexslider-loading flexslider floated-slideshow flexslider-hover-type-zoomin\"><ul class=\"slides\"><li><a href=\"https:\/\/sosracismemoselle.org\/index.php\/2024\/09\/29\/intervention-aupres-des-jeunes-du-fc-metz\/\" aria-label=\"Intervention aupr\u00e8s des jeunes du FC Metz\" class=\"hover-type-zoomin\"><img decoding=\"async\" width=\"177\" height=\"142\" src=\"https:\/\/sosracismemoselle.org\/wp-content\/uploads\/2024\/10\/2024-10-20-00.07.37-177x142.jpg\" class=\"attachment-portfolio-five size-portfolio-five\" alt=\"\" \/><\/a><\/li><\/ul><\/div><div class=\"recent-posts-content\"><span class=\"vcard\" style=\"display: none;\"><span class=\"fn\"><a href=\"https:\/\/sosracismemoselle.org\/index.php\/author\/jr\/\" title=\"Posts by JR\" rel=\"author\">JR<\/a><\/span><\/span><span class=\"updated\" style=\"display:none;\">2024-10-20T00:10:39+02:00<\/span><h4 class=\"entry-title\"><a href=\"https:\/\/sosracismemoselle.org\/index.php\/2024\/09\/29\/intervention-aupres-des-jeunes-du-fc-metz\/\">Intervention aupr\u00e8s des jeunes du FC Metz<\/a><\/h4><p class=\"meta\"><span class=\"vcard\" style=\"display: none;\"><span class=\"fn\"><a href=\"https:\/\/sosracismemoselle.org\/index.php\/author\/jr\/\" title=\"Posts by JR\" rel=\"author\">JR<\/a><\/span><\/span><span class=\"updated\" style=\"display:none;\">2024-10-20T00:10:39+02:00<\/span><span>29 September 2024<\/span><span class=\"fusion-inline-sep\">|<\/span><span class=\"fusion-comments\"><a href=\"https:\/\/sosracismemoselle.org\/index.php\/2024\/09\/29\/intervention-aupres-des-jeunes-du-fc-metz\/#respond\">0 Comments<\/a><\/span><\/p><p> Dans le cadre de notre partenariat avec le FC Metz, nous avons eu l'honneur d'organiser une session de sensibilisation destin\u00e9e aux jeunes joueurs du Centre de Formation. Un moment d'\u00e9change sur la tol\u00e9rance, le [...]<\/p><\/div><\/article><article class=\"post fusion-column column col col-lg-12 col-md-12 col-sm-12\"><div class=\"fusion-flexslider fusion-flexslider-loading flexslider floated-slideshow flexslider-hover-type-zoomin\"><ul class=\"slides\"><li><a href=\"https:\/\/sosracismemoselle.org\/index.php\/2024\/07\/26\/contre-lextreme-droite-dans-la-rue-et-dans-les-urnes-on-ne-lache-rien\/\" aria-label=\"Contre l\u2019extr\u00eame droite : Dans la rue et dans les urnes, on ne l\u00e2che rien !\" class=\"hover-type-zoomin\"><img decoding=\"async\" width=\"177\" height=\"142\" src=\"https:\/\/sosracismemoselle.org\/wp-content\/uploads\/2024\/10\/a-droite-jean-remi-dushimiyimana-president-de-l-association-sos-racisme-moselle-1719913666-177x142.jpg\" class=\"attachment-portfolio-five size-portfolio-five\" alt=\"\" \/><\/a><\/li><\/ul><\/div><div class=\"recent-posts-content\"><span class=\"vcard\" style=\"display: none;\"><span class=\"fn\"><a href=\"https:\/\/sosracismemoselle.org\/index.php\/author\/jr\/\" title=\"Posts by JR\" rel=\"author\">JR<\/a><\/span><\/span><span class=\"updated\" style=\"display:none;\">2024-10-26T13:53:32+02:00<\/span><h4 class=\"entry-title\"><a href=\"https:\/\/sosracismemoselle.org\/index.php\/2024\/07\/26\/contre-lextreme-droite-dans-la-rue-et-dans-les-urnes-on-ne-lache-rien\/\">Contre l\u2019extr\u00eame droite : Dans la rue et dans les urnes, on ne l\u00e2che rien !<\/a><\/h4><p class=\"meta\"><span class=\"vcard\" style=\"display: none;\"><span class=\"fn\"><a href=\"https:\/\/sosracismemoselle.org\/index.php\/author\/jr\/\" title=\"Posts by JR\" rel=\"author\">JR<\/a><\/span><\/span><span class=\"updated\" style=\"display:none;\">2024-10-26T13:53:32+02:00<\/span><span>26 July 2024<\/span><span class=\"fusion-inline-sep\">|<\/span><span class=\"fusion-comments\"><a href=\"https:\/\/sosracismemoselle.org\/index.php\/2024\/07\/26\/contre-lextreme-droite-dans-la-rue-et-dans-les-urnes-on-ne-lache-rien\/#respond\">0 Comments<\/a><\/span><\/p><p>  Nous condamnons fermement les affiches de Pierre-Nicolas Nups, candidat d'extr\u00eame droite en Meurthe-et-Moselle, repr\u00e9sentant un enfant blond barr\u00e9 du slogan \"Donnons un avenir aux enfants blancs\". Ce candidat, d\u00e9j\u00e0 condamn\u00e9 \u00e0 six mois [...]<\/p><\/div><\/article><article class=\"post fusion-column column col col-lg-12 col-md-12 col-sm-12\"><div class=\"fusion-flexslider fusion-flexslider-loading flexslider floated-slideshow flexslider-hover-type-zoomin\"><ul class=\"slides\"><li><a href=\"https:\/\/sosracismemoselle.org\/index.php\/2024\/05\/23\/hommage-aux-victimes-de-lesclavage\/\" aria-label=\"Hommage aux Victimes de l&#8217;Esclavage\" class=\"hover-type-zoomin\"><img decoding=\"async\" width=\"177\" height=\"142\" src=\"https:\/\/sosracismemoselle.org\/wp-content\/uploads\/2024\/10\/443696148_409612088712832_1129492568333224610_n-177x142.jpg\" class=\"attachment-portfolio-five size-portfolio-five\" alt=\"\" \/><\/a><\/li><li><a href=\"https:\/\/sosracismemoselle.org\/index.php\/2024\/05\/23\/hommage-aux-victimes-de-lesclavage\/\" aria-label=\"Hommage aux Victimes de l&#8217;Esclavage\" class=\"hover-type-zoomin\"><img decoding=\"async\" width=\"177\" height=\"142\" src=\"https:\/\/sosracismemoselle.org\/wp-content\/uploads\/2024\/10\/443732620_409612112046163_7166732686382290998_n-177x142.jpg\" class=\"attachment-portfolio-five size-portfolio-five\" alt=\"\" \/><\/a><\/li><li><a href=\"https:\/\/sosracismemoselle.org\/index.php\/2024\/05\/23\/hommage-aux-victimes-de-lesclavage\/\" aria-label=\"Hommage aux Victimes de l&#8217;Esclavage\" class=\"hover-type-zoomin\"><img decoding=\"async\" width=\"177\" height=\"142\" src=\"https:\/\/sosracismemoselle.org\/wp-content\/uploads\/2024\/10\/441951798_409612085379499_6468457731552756518_n-177x142.jpg\" class=\"attachment-portfolio-five size-portfolio-five\" alt=\"\" \/><\/a><\/li><li><a href=\"https:\/\/sosracismemoselle.org\/index.php\/2024\/05\/23\/hommage-aux-victimes-de-lesclavage\/\" aria-label=\"Hommage aux Victimes de l&#8217;Esclavage\" class=\"hover-type-zoomin\"><img decoding=\"async\" width=\"177\" height=\"142\" src=\"https:\/\/sosracismemoselle.org\/wp-content\/uploads\/2024\/10\/441966120_409612092046165_5956879532230208864_n-177x142.jpg\" class=\"attachment-portfolio-five size-portfolio-five\" alt=\"\" \/><\/a><\/li><\/ul><\/div><div class=\"recent-posts-content\"><span class=\"vcard\" style=\"display: none;\"><span class=\"fn\"><a href=\"https:\/\/sosracismemoselle.org\/index.php\/author\/jr\/\" title=\"Posts by JR\" rel=\"author\">JR<\/a><\/span><\/span><span class=\"updated\" style=\"display:none;\">2024-10-25T21:34:06+02:00<\/span><h4 class=\"entry-title\"><a href=\"https:\/\/sosracismemoselle.org\/index.php\/2024\/05\/23\/hommage-aux-victimes-de-lesclavage\/\">Hommage aux Victimes de l&#8217;Esclavage<\/a><\/h4><p class=\"meta\"><span class=\"vcard\" style=\"display: none;\"><span class=\"fn\"><a href=\"https:\/\/sosracismemoselle.org\/index.php\/author\/jr\/\" title=\"Posts by JR\" rel=\"author\">JR<\/a><\/span><\/span><span class=\"updated\" style=\"display:none;\">2024-10-25T21:34:06+02:00<\/span><span>23 May 2024<\/span><span class=\"fusion-inline-sep\">|<\/span><span class=\"fusion-comments\"><a href=\"https:\/\/sosracismemoselle.org\/index.php\/2024\/05\/23\/hommage-aux-victimes-de-lesclavage\/#respond\">0 Comments<\/a><\/span><\/p><p>  Ce matin, c\u00e9r\u00e9monie en hommage aux victimes de l\u2019esclavage colonial, organis\u00e9e par la Pr\u00e9fecture de la Moselle. Un moment solennel rappellant que durant plus de deux si\u00e8cles, plus de quatre millions de vies [...]<\/p><\/div><\/article><article class=\"post fusion-column column col col-lg-12 col-md-12 col-sm-12\"><div class=\"fusion-flexslider fusion-flexslider-loading flexslider floated-slideshow flexslider-hover-type-zoomin\"><ul class=\"slides\"><li><a href=\"https:\/\/sosracismemoselle.org\/index.php\/2024\/05\/21\/projection-gratuite-du-film-bienvenue-a-marly-gomont\/\" aria-label=\"Projection gratuite du film Bienvenue \u00e0 Marly-Gomont\" class=\"hover-type-zoomin\"><img decoding=\"async\" width=\"177\" height=\"142\" src=\"https:\/\/sosracismemoselle.org\/wp-content\/uploads\/2024\/10\/442436238_408546168819424_8639308978816306748_n-177x142.jpg\" class=\"attachment-portfolio-five size-portfolio-five\" alt=\"\" \/><\/a><\/li><\/ul><\/div><div class=\"recent-posts-content\"><span class=\"vcard\" style=\"display: none;\"><span class=\"fn\"><a href=\"https:\/\/sosracismemoselle.org\/index.php\/author\/jr\/\" title=\"Posts by JR\" rel=\"author\">JR<\/a><\/span><\/span><span class=\"updated\" style=\"display:none;\">2024-10-19T15:34:05+02:00<\/span><h4 class=\"entry-title\"><a href=\"https:\/\/sosracismemoselle.org\/index.php\/2024\/05\/21\/projection-gratuite-du-film-bienvenue-a-marly-gomont\/\">Projection gratuite du film Bienvenue \u00e0 Marly-Gomont<\/a><\/h4><p class=\"meta\"><span class=\"vcard\" style=\"display: none;\"><span class=\"fn\"><a href=\"https:\/\/sosracismemoselle.org\/index.php\/author\/jr\/\" title=\"Posts by JR\" rel=\"author\">JR<\/a><\/span><\/span><span class=\"updated\" style=\"display:none;\">2024-10-19T15:34:05+02:00<\/span><span>21 May 2024<\/span><span class=\"fusion-inline-sep\">|<\/span><span class=\"fusion-comments\"><a href=\"https:\/\/sosracismemoselle.org\/index.php\/2024\/05\/21\/projection-gratuite-du-film-bienvenue-a-marly-gomont\/#respond\">0 Comments<\/a><\/span><\/p><p> La Maison de L'\u00c9tudiant - Lorraine Nord, en collaboration avec le MRAP et et SOS Racisme Moselle, propose une projection gratuite du film Bienvenue \u00e0 Marly-Gomont. Une occasion unique de (re)d\u00e9couvrir ce film \u00e9mouvant [...]<\/p><\/div><\/article><article class=\"post fusion-column column col col-lg-12 col-md-12 col-sm-12\"><div class=\"fusion-flexslider fusion-flexslider-loading flexslider floated-slideshow flexslider-hover-type-zoomin\"><ul class=\"slides\"><li><a href=\"https:\/\/sosracismemoselle.org\/index.php\/2024\/05\/10\/10-mai-journee-nationale-de-commemoration-des-memoires-de-la-traite-de-lesclavage-et-de-leur-abolition\/\" aria-label=\"10 Mai : Journ\u00e9e nationale de comm\u00e9moration des m\u00e9moires de la traite, de l&#8217;esclavage et de leur abolition\" class=\"hover-type-zoomin\"><img decoding=\"async\" width=\"177\" height=\"142\" src=\"https:\/\/sosracismemoselle.org\/wp-content\/uploads\/2024\/10\/346041374_6581304421893119_4214523478958697046_n-2-177x142.jpg\" class=\"attachment-portfolio-five size-portfolio-five\" alt=\"\" \/><\/a><\/li><\/ul><\/div><div class=\"recent-posts-content\"><span class=\"vcard\" style=\"display: none;\"><span class=\"fn\"><a href=\"https:\/\/sosracismemoselle.org\/index.php\/author\/jr\/\" title=\"Posts by JR\" rel=\"author\">JR<\/a><\/span><\/span><span class=\"updated\" style=\"display:none;\">2024-10-25T22:00:40+02:00<\/span><h4 class=\"entry-title\"><a href=\"https:\/\/sosracismemoselle.org\/index.php\/2024\/05\/10\/10-mai-journee-nationale-de-commemoration-des-memoires-de-la-traite-de-lesclavage-et-de-leur-abolition\/\">10 Mai : Journ\u00e9e nationale de comm\u00e9moration des m\u00e9moires de la traite, de l&#8217;esclavage et de leur abolition<\/a><\/h4><p class=\"meta\"><span class=\"vcard\" style=\"display: none;\"><span class=\"fn\"><a href=\"https:\/\/sosracismemoselle.org\/index.php\/author\/jr\/\" title=\"Posts by JR\" rel=\"author\">JR<\/a><\/span><\/span><span class=\"updated\" style=\"display:none;\">2024-10-25T22:00:40+02:00<\/span><span>10 May 2024<\/span><span class=\"fusion-inline-sep\">|<\/span><span class=\"fusion-comments\"><a href=\"https:\/\/sosracismemoselle.org\/index.php\/2024\/05\/10\/10-mai-journee-nationale-de-commemoration-des-memoires-de-la-traite-de-lesclavage-et-de-leur-abolition\/#respond\">0 Comments<\/a><\/span><\/p><p>  Chaque 10 mai, nous rendons hommage aux millions de femmes, d\u2019hommes et d\u2019enfants arrach\u00e9s \u00e0 leur terre, r\u00e9duits en esclavage et soumis \u00e0 des traitements inhumains en raison de la couleur de leur [...]<\/p><\/div><\/article><article class=\"post fusion-column column col col-lg-12 col-md-12 col-sm-12\"><div class=\"fusion-flexslider fusion-flexslider-loading flexslider floated-slideshow flexslider-hover-type-zoomin\"><ul class=\"slides\"><li><a href=\"https:\/\/sosracismemoselle.org\/index.php\/2024\/04\/04\/intervention-au-college-lucien-pougue-a-remilly\/\" aria-label=\"Intervention au Coll\u00e8ge Lucien Pougu\u00e9 \u00e0 R\u00e9milly\" class=\"hover-type-zoomin\"><img decoding=\"async\" width=\"177\" height=\"142\" src=\"https:\/\/sosracismemoselle.org\/wp-content\/uploads\/2024\/10\/462533188_505331212474252_4181616853896585398_n-177x142.jpg\" class=\"attachment-portfolio-five size-portfolio-five\" alt=\"\" \/><\/a><\/li><li><a href=\"https:\/\/sosracismemoselle.org\/index.php\/2024\/04\/04\/intervention-au-college-lucien-pougue-a-remilly\/\" aria-label=\"Intervention au Coll\u00e8ge Lucien Pougu\u00e9 \u00e0 R\u00e9milly\" class=\"hover-type-zoomin\"><img decoding=\"async\" width=\"177\" height=\"142\" src=\"https:\/\/sosracismemoselle.org\/wp-content\/uploads\/2024\/10\/462606464_505331219140918_6299798211769816530_n-177x142.jpg\" class=\"attachment-portfolio-five size-portfolio-five\" alt=\"\" \/><\/a><\/li><li><a href=\"https:\/\/sosracismemoselle.org\/index.php\/2024\/04\/04\/intervention-au-college-lucien-pougue-a-remilly\/\" aria-label=\"Intervention au Coll\u00e8ge Lucien Pougu\u00e9 \u00e0 R\u00e9milly\" class=\"hover-type-zoomin\"><img decoding=\"async\" width=\"177\" height=\"142\" src=\"https:\/\/sosracismemoselle.org\/wp-content\/uploads\/2024\/10\/462433962_505331232474250_1747586902210156402_n-177x142.jpg\" class=\"attachment-portfolio-five size-portfolio-five\" alt=\"\" \/><\/a><\/li><\/ul><\/div><div class=\"recent-posts-content\"><span class=\"vcard\" style=\"display: none;\"><span class=\"fn\"><a href=\"https:\/\/sosracismemoselle.org\/index.php\/author\/jr\/\" title=\"Posts by JR\" rel=\"author\">JR<\/a><\/span><\/span><span class=\"updated\" style=\"display:none;\">2024-10-20T00:31:14+02:00<\/span><h4 class=\"entry-title\"><a href=\"https:\/\/sosracismemoselle.org\/index.php\/2024\/04\/04\/intervention-au-college-lucien-pougue-a-remilly\/\">Intervention au Coll\u00e8ge Lucien Pougu\u00e9 \u00e0 R\u00e9milly<\/a><\/h4><p class=\"meta\"><span class=\"vcard\" style=\"display: none;\"><span class=\"fn\"><a href=\"https:\/\/sosracismemoselle.org\/index.php\/author\/jr\/\" title=\"Posts by JR\" rel=\"author\">JR<\/a><\/span><\/span><span class=\"updated\" style=\"display:none;\">2024-10-20T00:31:14+02:00<\/span><span>4 April 2024<\/span><span class=\"fusion-inline-sep\">|<\/span><span class=\"fusion-comments\"><a href=\"https:\/\/sosracismemoselle.org\/index.php\/2024\/04\/04\/intervention-au-college-lucien-pougue-a-remilly\/#respond\">0 Comments<\/a><\/span><\/p><p> Nous avons eu le plaisir de partager une journ\u00e9e enrichissante avec les \u00e9l\u00e8ves du Coll\u00e8ge Lucien Pougu\u00e9 \u00e0 R\u00e9milly. Quatre de nos intervenants ont partag\u00e9 des moments d'\u00e9changes enrichissants avec les \u00e9l\u00e8ves, sur la [...]<\/p><\/div><\/article><article class=\"post fusion-column column col col-lg-12 col-md-12 col-sm-12\"><div class=\"fusion-flexslider fusion-flexslider-loading flexslider floated-slideshow flexslider-hover-type-zoomin\"><ul class=\"slides\"><li><a href=\"https:\/\/sosracismemoselle.org\/index.php\/2024\/03\/14\/cnews-mise-en-garde-par-larcom-a-notre-demande\/\" aria-label=\"CNEWS mise en garde par l&#8217;ARCOM \u00e0 notre demande\" class=\"hover-type-zoomin\"><img decoding=\"async\" width=\"177\" height=\"142\" src=\"https:\/\/sosracismemoselle.org\/wp-content\/uploads\/2024\/10\/430848788_363477009993007_2526997251330179892_n-177x142.jpg\" class=\"attachment-portfolio-five size-portfolio-five\" alt=\"\" \/><\/a><\/li><\/ul><\/div><div class=\"recent-posts-content\"><span class=\"vcard\" style=\"display: none;\"><span class=\"fn\"><a href=\"https:\/\/sosracismemoselle.org\/index.php\/author\/jr\/\" title=\"Posts by JR\" rel=\"author\">JR<\/a><\/span><\/span><span class=\"updated\" style=\"display:none;\">2024-10-25T23:04:37+02:00<\/span><h4 class=\"entry-title\"><a href=\"https:\/\/sosracismemoselle.org\/index.php\/2024\/03\/14\/cnews-mise-en-garde-par-larcom-a-notre-demande\/\">CNEWS mise en garde par l&#8217;ARCOM \u00e0 notre demande<\/a><\/h4><p class=\"meta\"><span class=\"vcard\" style=\"display: none;\"><span class=\"fn\"><a href=\"https:\/\/sosracismemoselle.org\/index.php\/author\/jr\/\" title=\"Posts by JR\" rel=\"author\">JR<\/a><\/span><\/span><span class=\"updated\" style=\"display:none;\">2024-10-25T23:04:37+02:00<\/span><span>14 March 2024<\/span><span class=\"fusion-inline-sep\">|<\/span><span class=\"fusion-comments\"><a href=\"https:\/\/sosracismemoselle.org\/index.php\/2024\/03\/14\/cnews-mise-en-garde-par-larcom-a-notre-demande\/#respond\">0 Comments<\/a><\/span><\/p><p> Le 6 octobre dernier, nous saisissions l\u2019ARCOM pour d\u00e9noncer le traitement discriminatoire de faits divers dans les m\u00e9dias, et en particulier le lien infond\u00e9 \u00e9tabli par un animateur de CNEWS entre la pr\u00e9sence de [...]<\/p><\/div><\/article><article class=\"post fusion-column column col col-lg-12 col-md-12 col-sm-12\"><div class=\"fusion-flexslider fusion-flexslider-loading flexslider floated-slideshow flexslider-hover-type-zoomin\"><ul class=\"slides\"><li><a href=\"https:\/\/sosracismemoselle.org\/index.php\/2024\/01\/15\/marche-citoyenne-contre-la-loi-immigration-mobilisons-nous-pour-legalite-des-droits\/\" aria-label=\"Marche citoyenne contre la loi immigration : mobilisons-nous pour l\u2019\u00e9galit\u00e9 des droits !\" class=\"hover-type-zoomin\"><img decoding=\"async\" width=\"177\" height=\"142\" src=\"https:\/\/sosracismemoselle.org\/wp-content\/uploads\/2024\/10\/2024-10-25-22.42.21-177x142.jpg\" class=\"attachment-portfolio-five size-portfolio-five\" alt=\"\" \/><\/a><\/li><\/ul><\/div><div class=\"recent-posts-content\"><span class=\"vcard\" style=\"display: none;\"><span class=\"fn\"><a href=\"https:\/\/sosracismemoselle.org\/index.php\/author\/jr\/\" title=\"Posts by JR\" rel=\"author\">JR<\/a><\/span><\/span><span class=\"updated\" style=\"display:none;\">2024-10-25T22:44:26+02:00<\/span><h4 class=\"entry-title\"><a href=\"https:\/\/sosracismemoselle.org\/index.php\/2024\/01\/15\/marche-citoyenne-contre-la-loi-immigration-mobilisons-nous-pour-legalite-des-droits\/\">Marche citoyenne contre la loi immigration : mobilisons-nous pour l\u2019\u00e9galit\u00e9 des droits !<\/a><\/h4><p class=\"meta\"><span class=\"vcard\" style=\"display: none;\"><span class=\"fn\"><a href=\"https:\/\/sosracismemoselle.org\/index.php\/author\/jr\/\" title=\"Posts by JR\" rel=\"author\">JR<\/a><\/span><\/span><span class=\"updated\" style=\"display:none;\">2024-10-25T22:44:26+02:00<\/span><span>15 January 2024<\/span><span class=\"fusion-inline-sep\">|<\/span><span class=\"fusion-comments\"><a href=\"https:\/\/sosracismemoselle.org\/index.php\/2024\/01\/15\/marche-citoyenne-contre-la-loi-immigration-mobilisons-nous-pour-legalite-des-droits\/#respond\">0 Comments<\/a><\/span><\/p><p>  Ce dimanche 21 janvier, \u00e0 10 h, une marche citoyenne se tiendra place de la R\u00e9publique, \u00e0 Metz, pour dire NON \u00e0 la loi immigration. Ce rassemblement appelle toutes les personnes soucieuses d\u2019une [...]<\/p><\/div><\/article><article class=\"post fusion-column column col col-lg-12 col-md-12 col-sm-12\"><div class=\"fusion-flexslider fusion-flexslider-loading flexslider floated-slideshow flexslider-hover-type-zoomin\"><ul class=\"slides\"><li><a href=\"https:\/\/sosracismemoselle.org\/index.php\/2024\/01\/11\/corah-reunion-du-comite-operationnel-de-lutte-contre-le-racisme-lantisemitisme-et-la-haine-anti-lgbt\/\" aria-label=\"#CORAH | R\u00e9union du comit\u00e9 op\u00e9rationnel de lutte contre le racisme, l\u2019antis\u00e9mitisme et la haine anti-LGBT\" class=\"hover-type-zoomin\"><img decoding=\"async\" width=\"177\" height=\"142\" src=\"https:\/\/sosracismemoselle.org\/wp-content\/uploads\/2024\/01\/418929537_324315907242451_3568074375690370562_n-177x142.jpg\" class=\"attachment-portfolio-five size-portfolio-five\" alt=\"\" \/><\/a><\/li><\/ul><\/div><div class=\"recent-posts-content\"><span class=\"vcard\" style=\"display: none;\"><span class=\"fn\"><a href=\"https:\/\/sosracismemoselle.org\/index.php\/author\/jr\/\" title=\"Posts by JR\" rel=\"author\">JR<\/a><\/span><\/span><span class=\"updated\" style=\"display:none;\">2024-10-19T15:31:34+02:00<\/span><h4 class=\"entry-title\"><a href=\"https:\/\/sosracismemoselle.org\/index.php\/2024\/01\/11\/corah-reunion-du-comite-operationnel-de-lutte-contre-le-racisme-lantisemitisme-et-la-haine-anti-lgbt\/\">#CORAH | R\u00e9union du comit\u00e9 op\u00e9rationnel de lutte contre le racisme, l\u2019antis\u00e9mitisme et la haine anti-LGBT<\/a><\/h4><p class=\"meta\"><span class=\"vcard\" style=\"display: none;\"><span class=\"fn\"><a href=\"https:\/\/sosracismemoselle.org\/index.php\/author\/jr\/\" title=\"Posts by JR\" rel=\"author\">JR<\/a><\/span><\/span><span class=\"updated\" style=\"display:none;\">2024-10-19T15:31:34+02:00<\/span><span>11 January 2024<\/span><span class=\"fusion-inline-sep\">|<\/span><span class=\"fusion-comments\"><a href=\"https:\/\/sosracismemoselle.org\/index.php\/2024\/01\/11\/corah-reunion-du-comite-operationnel-de-lutte-contre-le-racisme-lantisemitisme-et-la-haine-anti-lgbt\/#respond\">0 Comments<\/a><\/span><\/p><p> Ce matin, r\u00e9union du comit\u00e9 op\u00e9rationnel de lutte contre le racisme, l\u2019antis\u00e9mitisme et la haine anti-LGBT en pr\u00e9fecture. Une rencontre pr\u00e9sid\u00e9e par la Directrice de cabinet du Pr\u00e9fet de la Moselle, Ad\u00e9lie Pommier, accompagn\u00e9e [...]<\/p><\/div><\/article><\/section><\/div><\/div><\/div><div class=\"fusion-layout-column fusion_builder_column fusion-builder-column-1 fusion_builder_column_1_3 1_3 fusion-flex-column\" style=\"--awb-bg-size:cover;--awb-width-large:33.333333333333%;--awb-margin-top-large:0px;--awb-spacing-right-large:5.76%;--awb-margin-bottom-large:20px;--awb-spacing-left-large:3.84%;--awb-width-medium:33.333333333333%;--awb-order-medium:0;--awb-spacing-right-medium:5.76%;--awb-spacing-left-medium:3.84%;--awb-width-small:100%;--awb-order-small:0;--awb-spacing-right-small:1.92%;--awb-spacing-left-small:1.92%;\"><div class=\"fusion-column-wrapper fusion-column-has-shadow fusion-flex-justify-content-flex-start fusion-content-layout-column\"><div class=\"fusion-title title fusion-title-1 fusion-sep-none fusion-title-text fusion-title-size-three\"><h3 class=\"fusion-title-heading title-heading-left\" style=\"margin:0;\">Actions juridiques<\/h3><\/div><div class=\"fusion-post-slider fusion-flexslider fusion-flexslider-loading flexslider-posts\"><ul class=\"slides\"><li><a href=\"https:\/\/sosracismemoselle.org\/index.php\/2024\/03\/14\/cnews-mise-en-garde-par-larcom-a-notre-demande\/\" aria-label=\"CNEWS mise en garde par l&#8217;ARCOM \u00e0 notre demande\"><img decoding=\"async\" width=\"1080\" height=\"1259\" class=\"wp-image-2308\" src=\"https:\/\/sosracismemoselle.org\/wp-content\/uploads\/2024\/10\/430848788_363477009993007_2526997251330179892_n.jpg\" alt=\"\" srcset=\"https:\/\/sosracismemoselle.org\/wp-content\/uploads\/2024\/10\/430848788_363477009993007_2526997251330179892_n-200x233.jpg 200w, https:\/\/sosracismemoselle.org\/wp-content\/uploads\/2024\/10\/430848788_363477009993007_2526997251330179892_n-400x466.jpg 400w, https:\/\/sosracismemoselle.org\/wp-content\/uploads\/2024\/10\/430848788_363477009993007_2526997251330179892_n-600x699.jpg 600w, https:\/\/sosracismemoselle.org\/wp-content\/uploads\/2024\/10\/430848788_363477009993007_2526997251330179892_n-800x933.jpg 800w, https:\/\/sosracismemoselle.org\/wp-content\/uploads\/2024\/10\/430848788_363477009993007_2526997251330179892_n.jpg 1080w\" sizes=\"(max-width: 640px) 100vw, 400px\" \/><\/a><div class=\"slide-excerpt\"><h2><a href=\"https:\/\/sosracismemoselle.org\/index.php\/2024\/03\/14\/cnews-mise-en-garde-par-larcom-a-notre-demande\/\">CNEWS mise en garde par l&#8217;ARCOM \u00e0 notre demande<\/a><\/h2><\/div><\/li><\/ul><\/div><div class=\"fusion-title title fusion-title-2 fusion-sep-none fusion-title-text fusion-title-size-three\"><h3 class=\"fusion-title-heading title-heading-left\" style=\"margin:0;\">Education<\/h3><\/div><div class=\"fusion-post-slider fusion-flexslider fusion-flexslider-loading flexslider-posts\"><ul class=\"slides\"><li><a href=\"https:\/\/sosracismemoselle.org\/index.php\/2024\/10\/19\/discrimination-au-logement-un-excellent-dossier-ou-pas\/\" aria-label=\"Discrimination au logement : un excellent dossier \u2026 ou pas\"><img decoding=\"async\" width=\"1280\" height=\"853\" class=\"wp-image-2165\" src=\"https:\/\/sosracismemoselle.org\/wp-content\/uploads\/2024\/10\/AdobeStock_513255142.jpeg\" alt=\"\" srcset=\"https:\/\/sosracismemoselle.org\/wp-content\/uploads\/2024\/10\/AdobeStock_513255142-175x117.jpeg 175w, https:\/\/sosracismemoselle.org\/wp-content\/uploads\/2024\/10\/AdobeStock_513255142-300x200.jpeg 300w, https:\/\/sosracismemoselle.org\/wp-content\/uploads\/2024\/10\/AdobeStock_513255142-768x512.jpeg 768w, https:\/\/sosracismemoselle.org\/wp-content\/uploads\/2024\/10\/AdobeStock_513255142-1024x682.jpeg 1024w, https:\/\/sosracismemoselle.org\/wp-content\/uploads\/2024\/10\/AdobeStock_513255142.jpeg 1280w\" sizes=\"(max-width: 1280px) 100vw, 1280px\" \/><\/a><div class=\"slide-excerpt\"><h2><a href=\"https:\/\/sosracismemoselle.org\/index.php\/2024\/10\/19\/discrimination-au-logement-un-excellent-dossier-ou-pas\/\">Discrimination au logement : un excellent dossier \u2026 ou pas<\/a><\/h2><\/div><\/li><\/ul><\/div><div class=\"fusion-title title fusion-title-3 fusion-sep-none fusion-title-text fusion-title-size-three\"><h3 class=\"fusion-title-heading title-heading-left\" style=\"margin:0;\">Mobilisation citoyenne<\/h3><\/div><div class=\"fusion-post-slider fusion-flexslider fusion-flexslider-loading flexslider-posts\"><ul class=\"slides\"><li><a href=\"https:\/\/sosracismemoselle.org\/index.php\/2025\/07\/20\/journee-nationale-a-la-memoire-des-victimes-des-crimes-racistes-et-antisemites-de-letat-francais\/\" aria-label=\"Journ\u00e9e nationale \u00e0 la m\u00e9moire des victimes des crimes racistes et antis\u00e9mites de l\u2019\u00c9tat fran\u00e7ais\"><img decoding=\"async\" width=\"1600\" height=\"1066\" class=\"wp-image-2343\" src=\"https:\/\/sosracismemoselle.org\/wp-content\/uploads\/2025\/07\/520601725_725949637079074_5400409612393472437_n.jpg\" alt=\"\" srcset=\"https:\/\/sosracismemoselle.org\/wp-content\/uploads\/2025\/07\/520601725_725949637079074_5400409612393472437_n-200x133.jpg 200w, https:\/\/sosracismemoselle.org\/wp-content\/uploads\/2025\/07\/520601725_725949637079074_5400409612393472437_n-400x267.jpg 400w, https:\/\/sosracismemoselle.org\/wp-content\/uploads\/2025\/07\/520601725_725949637079074_5400409612393472437_n-600x400.jpg 600w, https:\/\/sosracismemoselle.org\/wp-content\/uploads\/2025\/07\/520601725_725949637079074_5400409612393472437_n-800x533.jpg 800w, https:\/\/sosracismemoselle.org\/wp-content\/uploads\/2025\/07\/520601725_725949637079074_5400409612393472437_n-1200x800.jpg 1200w, https:\/\/sosracismemoselle.org\/wp-content\/uploads\/2025\/07\/520601725_725949637079074_5400409612393472437_n.jpg 1600w\" sizes=\"(max-width: 640px) 100vw, 400px\" \/><\/a><div class=\"slide-excerpt\"><h2><a href=\"https:\/\/sosracismemoselle.org\/index.php\/2025\/07\/20\/journee-nationale-a-la-memoire-des-victimes-des-crimes-racistes-et-antisemites-de-letat-francais\/\">Journ\u00e9e nationale \u00e0 la m\u00e9moire des victimes des crimes racistes et antis\u00e9mites de l\u2019\u00c9tat fran\u00e7ais<\/a><\/h2><\/div><\/li><\/ul><\/div><div class=\"fusion-title title fusion-title-4 fusion-sep-none fusion-title-text fusion-title-size-three\"><h3 class=\"fusion-title-heading title-heading-left\" style=\"margin:0;\">Nos actions<\/h3><\/div><div class=\"fusion-post-slider fusion-flexslider fusion-flexslider-loading flexslider-posts\"><ul class=\"slides\"><li><a href=\"https:\/\/sosracismemoselle.org\/index.php\/2025\/07\/20\/journee-nationale-a-la-memoire-des-victimes-des-crimes-racistes-et-antisemites-de-letat-francais\/\" aria-label=\"Journ\u00e9e nationale \u00e0 la m\u00e9moire des victimes des crimes racistes et antis\u00e9mites de l\u2019\u00c9tat fran\u00e7ais\"><img decoding=\"async\" width=\"1600\" height=\"1066\" class=\"wp-image-2343\" src=\"https:\/\/sosracismemoselle.org\/wp-content\/uploads\/2025\/07\/520601725_725949637079074_5400409612393472437_n.jpg\" alt=\"\" srcset=\"https:\/\/sosracismemoselle.org\/wp-content\/uploads\/2025\/07\/520601725_725949637079074_5400409612393472437_n-200x133.jpg 200w, https:\/\/sosracismemoselle.org\/wp-content\/uploads\/2025\/07\/520601725_725949637079074_5400409612393472437_n-400x267.jpg 400w, https:\/\/sosracismemoselle.org\/wp-content\/uploads\/2025\/07\/520601725_725949637079074_5400409612393472437_n-600x400.jpg 600w, https:\/\/sosracismemoselle.org\/wp-content\/uploads\/2025\/07\/520601725_725949637079074_5400409612393472437_n-800x533.jpg 800w, https:\/\/sosracismemoselle.org\/wp-content\/uploads\/2025\/07\/520601725_725949637079074_5400409612393472437_n-1200x800.jpg 1200w, https:\/\/sosracismemoselle.org\/wp-content\/uploads\/2025\/07\/520601725_725949637079074_5400409612393472437_n.jpg 1600w\" sizes=\"(max-width: 640px) 100vw, 400px\" \/><\/a><div class=\"slide-excerpt\"><h2><a href=\"https:\/\/sosracismemoselle.org\/index.php\/2025\/07\/20\/journee-nationale-a-la-memoire-des-victimes-des-crimes-racistes-et-antisemites-de-letat-francais\/\">Journ\u00e9e nationale \u00e0 la m\u00e9moire des victimes des crimes racistes et antis\u00e9mites de l\u2019\u00c9tat fran\u00e7ais<\/a><\/h2><\/div><\/li><\/ul><\/div><\/div><\/div><\/div><\/div>\n","protected":false},"excerpt":{"rendered":"","protected":false},"author":5,"featured_media":0,"parent":0,"menu_order":0,"comment_status":"closed","ping_status":"closed","template":"","meta":{"footnotes":""},"class_list":["post-2142","page","type-page","status-publish","hentry"],"aioseo_notices":[],"_links":{"self":[{"href":"https:\/\/sosracismemoselle.org\/index.php\/wp-json\/wp\/v2\/pages\/2142","targetHints":{"allow":["GET"]}}],"collection":[{"href":"https:\/\/sosracismemoselle.org\/index.php\/wp-json\/wp\/v2\/pages"}],"about":[{"href":"https:\/\/sosracismemoselle.org\/index.php\/wp-json\/wp\/v2\/types\/page"}],"author":[{"embeddable":true,"href":"https:\/\/sosracismemoselle.org\/index.php\/wp-json\/wp\/v2\/users\/5"}],"replies":[{"embeddable":true,"href":"https:\/\/sosracismemoselle.org\/index.php\/wp-json\/wp\/v2\/comments?post=2142"}],"version-history":[{"count":18,"href":"https:\/\/sosracismemoselle.org\/index.php\/wp-json\/wp\/v2\/pages\/2142\/revisions"}],"predecessor-version":[{"id":2333,"href":"https:\/\/sosracismemoselle.org\/index.php\/wp-json\/wp\/v2\/pages\/2142\/revisions\/2333"}],"wp:attachment":[{"href":"https:\/\/sosracismemoselle.org\/index.php\/wp-json\/wp\/v2\/media?parent=2142"}],"curies":[{"name":"wp","href":"https:\/\/api.w.org\/{rel}","templated":true}]}}